{"id":4,"date":"2024-11-05T15:53:22","date_gmt":"2024-11-05T14:53:22","guid":{"rendered":"http:\/\/forum-flugplatz.ch\/?page_id=4"},"modified":"2025-11-22T10:48:50","modified_gmt":"2025-11-22T09:48:50","slug":"startseite","status":"publish","type":"page","link":"https:\/\/forum-flugplatz.ch\/","title":{"rendered":"News"},"content":{"rendered":"<div class=\"wp-block-file\"><a href=\"https:\/\/forum-flugplatz.ch\/wp-content\/uploads\/2025\/11\/CH-Soldat-Forum-1.pdf\">CH-Soldat-Forum<\/a><\/div>\r\n<!-- \/wp:file -->\r\n<h6>22.November 2025: Peter Bosshard, Pr\u00e4sident des Vereins Forum Flugplatz D\u00fcbendorf, blickt mit Sorge auf die sicherheitspolitische Lage<br \/>Europas. Im Gespr\u00e4ch mit dem SCHWEIZER SOLDAT warnt er vor einem gef\u00e4hrlichen Verlust an Wehrbereitschaft und fordert eine konsequente Umsetzung des Schwarzbuchs der Armee. Seine Botschaft: Die Schweiz darf sich nicht l\u00e4nger in tr\u00fcgerischer Sicherheit wiegen.<\/h6>\r\n<h5>7.11.2025: <a href=\"https:\/\/forum-flugplatz.ch\/?cat=18\">Linke basteln an der F-35A Turboinitiative<\/a><\/h5>\r\n<p>Eines m\u00fcssen sich alle Unterzeichner einer solchen \u00abTurboinitiative\u00bb bewusst sein: Ein Verzicht auf die Beschaffung des F-35 kommt im Lichte der auf 2030 beschr\u00e4nkten Nutzungsdauer unserer F\/A-18-Flotte einem Verlust unserer Luftwaffe als zentrales Element unserer Landesverteidigung gleich. Und ohne eine ausreichende Luftverteidigung ist unser Staatswesen, unsere Bev\u00f6lkerung sowie deren \u00fcberlebensnotwendige kritische Infrastruktur feindlichen Luftangriffen mit verheerenden Folgen schutzlos ausgeliefert. Luftkriegsoperationen in der Ukraine, dem Gazastreifen, dem Iran und Jemen vermitteln eindr\u00fccklich und belastend eine Vorstellung, mit welch gravierenden Konsequenzen in einem Verteidigungsfall ohne einen leistungsf\u00e4higen Luftschirm \u00fcber unserem Land zu rechnen w\u00e4re. \u00a0<\/p>\r\n<p>Im \u00dcbrigen lehrt uns die Geschichte, dass Sicherheit als unabdingbare Voraussetzung f\u00fcr Wohlstand, Wohlfahrt, Bildung und Umweltschutz kein Selbstl\u00e4ufer und nicht zu einem \u00abNulltarif\u201c zu haben ist. In diesem Zusammenhang muss das ideologisch begr\u00fcndete Taktieren der SP Schweiz zu Lasten unserer in einer \u00e4usserst anspruchsvollen Transformationsphase befindlichen Verteidigungspolitik als fachlich inkompetent und unredlich bezeichnet werden. Denn als Bundesratspartei tr\u00e4gt sie f\u00fcr die in unserer Verfassung verankerte Sicherheit unseres Landes eine besondere Verantwortung. Die SP Schweiz unterscheidet sich damit auch entscheidend von den in diesem Bereich wirklichkeitsnah agierenden Parteigenossen in mit unserem Lande vergleichbaren europ\u00e4ischen Staaten.<\/p>\r\n<p>Und was die Bewertung des F-35 anbelangt, so rufen wir uns ein mehr als lesenswertes Interview \u00abDer Jet kann Dinge, die vor ein paar Jahren noch Science-Fiction waren\u00bb in der NZZ-Ausgabe vom Freitag, 26.09.2025 in Erinnerung. Darin sagt der Gespr\u00e4chspartner Direktor Jon Ludwigson des dem F-35-Programmes durchaus kritisch gegen\u00fcberstehenden US-Rechnungshofes (GAO) wo die Probleme des F35 Kampfjets liegen und f\u00fchrt dabei u.a. folgendes aus: \u00abIch besch\u00e4ftige mich seit 8 Jahren mit dem <br \/>F-35. Aus meiner Sicht ist es eines der f\u00e4higsten Flugzeuge, die jemals an die Truppe geliefert wurden\u00bb. \u00a0<\/p>\r\n<h5>22.07.2025: Pro Libertate: <a href=\"https:\/\/forum-flugplatz.ch\/wp-content\/uploads\/2025\/07\/Pro-Libertate.pdf\">&#8220;Der Sicherheitspolitische Schlendrian im Bundeshaus&#8221; und &#8220;Zur Beschaffung des F-35A&#8221;<\/a><\/h5>\r\n<h5>23.03. 2025<br \/>Neue Homepage zum Thema <a href=\"http:\/\/www.aufwuchsjetzt.ch\">aufwuchsjetzt<\/a><\/h5>\r\n<h5>29.1. 2025<br \/>Ohne Panzer und Infanterie keine Armee! Der Krieg wird auch heute noch am Boden gewonnen.<\/h5>\r\n<h5><a href=\"https:\/\/forum-flugplatz.ch\/wp-content\/uploads\/2025\/01\/OG-Panzer-Richtigstellung.pdf\">OG Panzer Richtigstellung<\/a> der Aussagen des Experten Mauro Mantovani.<\/h5>\r\n<h5>\u00a0<\/h5>\r\n<h4>15.01.r 2025<br \/><a href=\"https:\/\/forum-flugplatz.ch\/wp-content\/uploads\/2025\/01\/Mitgliederbrief-01.pdf\">Mitgliederbrief-01<\/a><\/h4>\r\n<h3>\u00a0<\/h3>\r\n<h3><a href=\"https:\/\/forum-flugplatz.ch\/wp-content\/uploads\/2016\/05\/Welt-in-Gefahr-Info-Nr57.pdf\">Welt in Gefahr -Info-Nr57<\/a><\/h3>\r\n<p>Oberst i Gst J\u00fcrg K\u00fcrsener schreibt in der Oktoberausgabe des Schweizer Soldat was auch im Buch von Wolfgang Ischinger \u00abWelt in Gefahr\u00bb nachzulesen ist: \u00abDer ehemalige KGB-Offizier Wladimir Putin hat bereits 2007 an der Sicherheitspolitischen Konferenz in M\u00fcnchen mit harten verbalen Attacken auf die NATO angek\u00fcndigt, was von ihm sp\u00e4ter zu erwarten sei.\u00bb Nur hat es damals niemand so richtig ernst genommen, auch die Nachrichtendienste der meisten L\u00e4nder in Europa nicht. Und jetzt ist es ernst. \u00abDie Lage war im Kalten Krieg nie so gef\u00e4hrlich wie heute\u00bb, sagt Erhard B\u00fchler, ehem. Viersternegeneral der Bundeswehr und Kommandeur der \u00abAllied Joint Forces Command der NATO\u00bb in Brunssum. \u00abWohl k\u00f6nnte Russland irgendwann in der Lage und auch gewillt sein, Territorium in Europa anzugreifen und sei es nur, um die NATO auszutesten und ein Faustpfand f\u00fcr Verhandlungen zu haben. Das politische Ziel ist vollkommen klar: Russland will die Amerikaner aus Europa vertreiben und die NATO und die EU so weit zu schw\u00e4chen, dass sie irrelevant werden\u00bb.<\/p>\r\n<h3>25.08.2024<\/h3>\r\n<p><strong>\u00ab<\/strong>Die Erneuerung der Mittel im Rahmen von Air2030 erm\u00f6glicht der Schweizer Luftwaffe diese raumgreifende und integrierte Luftverteidigung. W\u00e4hrend die Kampfflugzeuge das dynamische Element zur raschen Schwergewichtsbildung darstellen, ist die bodengest\u00fctzte Luftverteidigung gr\u00f6sserer Reichweite eher das statische Element. Gemeinsam verhindern sie die gegnerische Besitznahme des Schl\u00fcsselgel\u00e4ndes \u00abmittlere H\u00f6he\u00bb und entfalten eine abhaltende Wirkung, indem sie in die Tiefe wirken k\u00f6nnen. (Merz &amp; Anrig, 2024) Die Weiterentwicklung der Schweizer Luftwaffe ist darauf ausgerichtet, gegnerische M\u00f6glichkeiten vor eigentlichen Kampfhandlungen erheblich einzuschr\u00e4nken.\u00bb <strong><br \/><\/strong><\/p>\r\n<p data-team-question=\"\" data-nzz-article-component=\"\"><strong><em>Dr. phil. Christoph Ebn\u00f6ther, Wissenschaftlicher Leiter der Milit\u00e4rwissenschaftlichen Zeitschrift\u00a0 STRATOS der Schweizer Armee<br \/><a href=\"https:\/\/forum-flugplatz.ch\/wp-content\/uploads\/2024\/08\/NACHBRENNER-2024-17A.pdf\">Siehe Nachbrenner<\/a><br \/><\/em><\/strong><\/p>\r\n<h4>14.04.2024<\/h4>\r\n<p>D-35 Triebwerk erf\u00fcllt die Anforderungen. Die Beschaffung der F-35 umfasst die zum Zeitpunkt der Auslieferung aktuellste Version des Triebwerks. Eine Klarstellung des VBS zu Berichten in der Presse. <a href=\"https:\/\/forum-flugplatz.ch\/wp-content\/uploads\/2024\/04\/Klarstellung_NKF.pdf\">Klarstellung_NKF<\/a><\/p>\r\n<p>16.03.2024<br \/>Der Widerstand gegen die Ausmusterung der F-5 Tigerflotte bis 2027 ist\u00a0<strong>verst\u00e4ndlich<\/strong>\u00a0aber aus guten Gr\u00fcnden\u00a0<strong>nicht gerechtfertigt<\/strong>. Ein Kampfflugzeug muss in erster Linie der\u00a0<strong>Luftverteidigung<\/strong>\u00a0und der\u00a0<strong>Unterst\u00fctzung der Bodentruppen<\/strong>\u00a0dienen und nicht als Show-Element. Die beschr\u00e4nkten Mittel f\u00fcr unsere Armee zwingt jetzt\u00a0<strong>Priorit\u00e4ten<\/strong> zu setzen auch wenn dabei leider eine <strong>\u201eheilige Kuh\u201c geopfert werden muss<\/strong>. Das ist sicher schmerzlich aber die\u00a0<strong>Fokussierung<\/strong>\u00a0auf die Einf\u00fchrung des\u00a0<strong>F-35A ab 2027<\/strong>\u00a0und den Betrieb des F\/A-18 ist zweifellos richtig. Millionen von Franken in ein Auslaufmodell zu investieren, das den Zweck als Kampfflugzeug nicht mehr erf\u00fcllen kann, ist Geldverschwendung.\u00a0<strong>Das PC-7 Team demonstriert mit 9 Flugzeugen h\u00f6chste fliegerische Pr\u00e4zision und stellt damit eine hervorragende Visitenkarte dar, die unsere Wertsch\u00e4tzung als Ersatz der PS verdient. <\/strong>Auch das Heer wird vor die gleichen Aufgaben gestellt: Pflege von Oldtimern oder Beschaffung von neuen leistungsf\u00e4higeren Systemen zu Gunsten einer glaubw\u00fcrdigen Armee. Als jahrzehnte langes Mitglied des Patrouille Suisse Fan Clubs und w\u00e4hrend 35 Jahren als Privat- und Werkpilot habe ich unz\u00e4hlige Fl\u00fcge mit der Pilatus PC-7 mit Passagieren durchgef\u00fchrt und bedaure diesen unausweichlichen aber sinnvollen Entscheid zu Gunsten unserer Landesverteidigung. Peter Bosshard, D\u00fcbendorf<\/p>\r\n<h4>08.02.2024<br \/>Zehn kritische Fragen an den CdA zu den Finanzen der Armee<br \/><a href=\"https:\/\/forum-flugplatz.ch\/wp-content\/uploads\/2024\/02\/20240206_CdA_10-Fragen-zu-den-Finanzen-der-Armee_DE.pdf\">20240206_CdA_10 Fragen zu den Finanzen der Armee_DE<\/a><\/h4>\r\n<h4>02.02.2024<br \/>Forum Info Nr. 56 Spezial \/ Tacheles \u00fcber die Abstimmung des Armeebudgets<strong><br \/><a href=\"https:\/\/swiss-f35.ch\/\">Der ungeschminkte Report<\/a><\/strong><\/h4>\r\n<p>28.01.2024<br \/><strong>Milit\u00e4rische Anlasse sind keine Show-Veranstaltungen sondern dienen der Information der Bev\u00f6lkerung und st\u00e4rken den Wehrwillen. Zwei Dinge, die gerade in der aktuellen Zeit n\u00f6tig sind. Es ist deshalb unverst\u00e4ndlich, solche Anl\u00e4sse in diesem und den n\u00e4chsten Jahren nicht mehr durchf\u00fchren zu wollen nachdem gerade im vergangenen Herbst ein Millionen teurer Anlass (CONNECTED) durchgef\u00fchrt wurde. Kein kluger Entscheid der Armeef\u00fchrung. Die hohen Betriebskosten sind seit vielen Jahren ein Thema und nicht erst seit wenigen Monaten! Es ist jetzt volle Transparenz n\u00f6tig um Licht ins Dunkel zu bringen. Das Volk hat Anrecht zu erfahren, was Sache ist und wer sich allenfalls &#8220;verzockt&#8221; hat. Wer mit dem Worstcase rechnet, kalkuliert immer auf der sicheren Seite.<\/strong><\/p>\r\n<h4>3.11 2023<br \/>Letzter Aufruf an die Parlamentarierinnen und Parlamentarier f\u00fcr die Wintersession 2023.<br \/><span style=\"color: #ff0000;\">Ganzseitiges Inserat unseres Vereins auf Seite 9 der f\u00fchrenden unabh\u00e4ngigen Milit\u00e4rzeitschrift der Schweiz (Schweizer Soldat): <a href=\"https:\/\/forum-flugplatz.ch\/wp-content\/uploads\/2023\/11\/Last-Call-Wintersession2023blue.pdf\">Last Call-Wintersession 2023<\/a><br \/><\/span><\/h4>\r\n<pre>Sehr geehrte Damen und Herren Parlamentarierinnen und Parlamentarier<br \/>Sie haben sich mit Ihrer erfolgreichen Wahl in den National- oder St\u00e4nderat entschieden, in einer \u00e4usserst schwierigen Zeit des geopolitischen Umbruchs in Europa gegen\u00fcber dem Schweizer Volk Verantwortung zu \u00fcbernehmen. Daf\u00fcr m\u00f6chten wir Ihnen danken.<br \/>Verantwortung \u00fcbernehmen bedeutet aber auch, sich f\u00fcr den Schutz unseres Landes und die Sicherheit der Bev\u00f6lkerung einzusetzen. Wir meinen damit besonders unsere Landesverteidigung, die gem. Bundesverfassung Art. 58, Abs.2 im Ernstfall eine wesentliche Aufgabe zu erf\u00fcllen hat, deren Glaubw\u00fcrdigkeit seit dem Ausbruch des vermeintlich ewigen Friedens jedoch stark gelitten hat.<br \/>Die Armee muss in personeller wie materieller Hinsicht in schnellen Ausbauschritten wieder Dissuasionsf\u00e4higkeit erreichen, weshalb der Aufwand f\u00fcr die Landesverteidigung mit mindestens 1% BIP bis 2030 festgelegt werden muss.<br \/>Mit seiner Absicht, diese dringlich notwendige Budgeterh\u00f6hung bis 2035 zu strecken, entzieht der Bundesrat unserer Landesverteidigung 10 Milliarden Franken und \u00fcberschreitet damit eine rote Linie. Er verschiebt die l\u00e4ngst \u00fcberf\u00e4llige Vollausr\u00fcstung und dringliche Modernisierung unserer Armee, und dies in einer sicherheitspolitisch ungewissen und zunehmend unberechenbaren fernen Zukunft! Unsere Regierung signalisiert damit - trotz klaren Vorgaben in unserer Bundesverfassung - dass sie nicht gewillt und f\u00e4hig ist, die deutlichen Zeichen der Zeit zu erkennen und die unabdingbare, zwingend notwendige Neuorientierung unserer Landesverteidigung als ihr einziges strategische Instrument rasch und zielbewusst an die Hand zu nehmen. Der ausserordentlichen geopolitischen Lage mit einem beachtlichen Fl\u00e4chenbrand-Potential kann mit dem Argument \u00abEinhalten der Schuldenbremse\u00bb nicht angemessen begegnet werden. Sie f\u00fchrt unser Land in Bezug auf die Sicherheitspolitik zur Selbstaufgabe, womit Art. 2 der Bundesverfassung zur Makulatur verkommt. Es ist zwingend, dass unser Parlament hier endlich korrigierend einschreitet und Gegensteuer gibt.<br \/>Sie haben als Parlamentarierin und Parlamentarier in der Wintersession 2023 die letzte Chance, daf\u00fcr besorgt zu sein, dass das VBS-Budget eine wiederum glaubw\u00fcrdige und verteidigungsf\u00e4hige Armee erm\u00f6glicht. Denn wir wollen weiterhin souver\u00e4n und unabh\u00e4ngig bleiben!<\/pre>\r\n<h4>20.10.2023<br \/><a href=\"https:\/\/forum-flugplatz.ch\/wp-content\/uploads\/2023\/10\/Leserbrief_VMG-ASM_Zukunftsfaehige-Sipol_BR-Amherd_14.10.2023.pdf\"><span style=\"color: #ff0000;\">Leserbrief_VMG-ASM_Zukunftsf\u00e4hige-Sipol_BR-Amherd_14.10.2023<\/span><\/a><br \/>Stefan Holenstein, Pr\u00e4sident Verband Milit\u00e4rischer Gesellschaften Schweiz<\/h4>\r\n<h4>09.10.2023<br \/><strong>Oberstleutnant a.D. Dr. Rudolf P. Schaub trifft mit seiner neusten Schrift &#8220;Die im Mittelland verlorenen Mechanisierten Brigaden\u00a0 und 11 der Schweizer Armee&#8221; einmal mehr den Nagel auf den Kopf. Der Autor analysiert mit Akribie die St\u00e4rken und Schw\u00e4chen zwischen Rad-und Raupenpanzer auf eindr\u00fcckliche Art und Weise. Mit freundlicher Genehmigung von Dr. Rudolf P. Schaub publizieren wir hiermit das erw\u00e4hnte Dokument: <a href=\"https:\/\/forum-flugplatz.ch\/wp-content\/uploads\/2023\/10\/RPS-Brigaden1-und-11.pdf\"><span style=\"color: #ff0000;\">RPS-Brigaden1-und-11<\/span><\/a><span style=\"color: #ff0000;\">.<\/span><\/strong><\/h4>\r\n<h4><strong><span style=\"color: #ff0000;\">25.08.2023<\/span><\/strong><br \/><strong><span style=\"color: #ff0000;\"><a style=\"color: #ff0000;\" href=\"https:\/\/forum-flugplatz.ch\/wp-content\/uploads\/2023\/08\/Die-Epoche-des-Friedens-in-Europa-geht-zu-Ende.pdf\">Die Epoche des Friedens in Europa geht zu Ende<\/a><\/span><\/strong><br \/><strong><span style=\"color: #ff0000;\">Eine kritische Betrachtung von Peter Bosshard: Von Reform zu Reform \/ Aufwuchs und Zeitenwende in Zeitlupe \/ Eine ernsthafte Beurteilung der geopolitischen Ver\u00e4nderungen und der Bedrohungslage sieht anders aus \/ Neutralit\u00e4t \/ Studienkommission von Peter Bosshard<\/span><\/strong><\/h4>\r\n<h4>16.08.2023<br \/><strong>Die Verteidigungsf\u00e4higkeit der Schweizer Armee wurde mit den letzten Armeereformen massiv abgebaut und stellt den verfassungsm\u00e4ssigen Auftrag mehr als nur in Frage. Der Autor Division\u00e4r aD Paul M\u00fcller war von 1991 \u2013 1997 Unterstabchef Planung im Generalstab und Projektoberleiter der Armee 95. Zum Abschluss seiner Karriere kommandierte er von 2001 \u2013 2003 die Felddivision 5. Die Sorge um eine leistungsf\u00e4hige Armee liessen ihn nicht los. Die Armeeentwicklung besch\u00e4ftigte ihn mit bewundernswertem Engagement, Energie und profundem Fachwissen nach seiner Pensionierung bis etwa 2017. Ein seltener Zufall will es, dass er einerseits die Armee 95 massgeblich gestaltet hat und als Divisionskommandant sp\u00e4ter die Konsequenzen auf der \u201eanderen\u201c Seite erlebt hat.<\/strong><br \/><strong>Weitere Informationen zum ausgezeichneten Buch. Eine Pflichtlekture f\u00fcr jeden angehenden Offizier. <a href=\"https:\/\/swiss-f35.ch\/die-reformen-der-schweizer-armee-seit-1961\/\">Weitere Informationen zum Buch mit Bezugsquellenangaben.<\/a><\/strong><\/h4>\r\n<h4><strong>14.08.2023<br \/><\/strong>Nur zerst\u00f6rte Br\u00fccken sind unpassierbar<br \/><strong>Angeregt durch die Kriegsberichte aus der Ukraine, beleuchtet der bekannte Autor Rudolf P. Schaub die Verteidigung entlang von Fl\u00fcssen im Schweizer Mittelland unter Einbezug des Berichts \u00abBodentruppen der Zukunft\u00bb und der reglementarischen Vorgaben aus der \u00abTaktischen F\u00fchrung 17\u00bb. Schonungslos zeigt er die unvollst\u00e4ndigen und an den Realit\u00e4ten vorbeizielenden Kampfideen in den beiden Grundlagendokumenten auf. Seine Ausf\u00fchrungen alarmieren den Leser nicht wegen deren Radikalit\u00e4t, sondern wegen der einleuchtenden und faktenbasierten Argumentation. <span style=\"color: #ff0000;\"><a style=\"color: #ff0000;\" href=\"https:\/\/forum-flugplatz.ch\/wp-content\/uploads\/2023\/08\/Rudolf-P.-Schaub-SOGAFLASH-2023-Nr.-33-Nur-zerstoerte-Bruecken-sind-unpassierbar.pdf\">Rudolf P. Schaub &#8211; SOGAFLASH 2023 Nr. 33 &#8211; Nur zerst\u00f6rte Br\u00fccken sind unpassierbar<\/a><\/span>. Der Autor geht mit den verantwortlichen Politikern und Teilen der Armeef\u00fchrung hart ins Gericht. Mit Recht.<\/strong><\/h4>\r\n<h4><strong>06.06.2023<br \/>Mangelhafter, entt\u00e4uschender WEA-Schlussbericht des Bundesrates!<br \/><a href=\"https:\/\/forum-flugplatz.ch\/wp-content\/uploads\/2023\/06\/Medienmitteilung_VMG-ASM_WEA-Schlussbericht_06.06.2023.pdf\">Medienmitteilung_VMG-ASM_WEA-Schlussbericht_06.06.2023<\/a>\u00a0des VMG Verband Milit\u00e4rischer Gesellschaften Schweiz<\/strong><\/h4>\r\n<h4><strong>15.05.2023<\/strong><br \/><strong><span style=\"color: #ff0000;\">Der Gesamtbundesrat steht gegen\u00fcber der Bev\u00f6lkerung in der Verantwortung, ob wir innert n\u00fctzlicher Frist eine glaubw\u00fcrdige Armee haben werden:<\/span><\/strong><br \/><a href=\"https:\/\/forum-flugplatz.ch\/wp-content\/uploads\/2023\/05\/Medienmitteilung-14-05-2023.pdf\">Medienmitteilung-14-05-2023<\/a><\/h4>\r\n<hr \/>\r\n<h3><span style=\"color: #000080;\"><strong>F\u00fcr Informationen zur Beschaffung des neuen Kampfflugzeuges und des Patriot-Systems kontaktieren Sie bitte unsere zweite Homepage <a style=\"color: #000080;\" href=\"http:\/\/www.swiss-f35.ch\">http:\/\/www.swiss-f35.ch<\/a><\/strong><\/span><\/h3>\r\n<hr \/>\r\n<h4><strong>30.01.2023<\/strong><br \/>Die Medienmitteilung macht deutlich, dass die milit\u00e4rischen Milizorganisationen diesen bundesr\u00e4tlichen Entscheid nicht hinnehmen wollen. In der Tat ist es in Anbetracht der versch\u00e4rften eurostrategischen Lage schlicht verantwortungslos, unserer Armee jetzt die notwendigen Mittel zum Aufwuchs, der in vollem Gange ist, zu verweigern. Unser Verein ist Mitglied des VMG und unterst\u00fctzt diesen Vorstoss nach Kr\u00e4ften. <strong><a href=\"https:\/\/forum-flugplatz.ch\/wp-content\/uploads\/2023\/01\/Medienmitteilung_VMG-ASM_Armeebudget_30.01.2023-1.pdf\"><span style=\"color: #ff0000;\">Medienmitteilung_VMG-ASM_Armeebudget_30.01.2023<\/span><\/a><\/strong><\/h4>\r\n<h4><strong>27.01.2023<\/strong><br \/><strong>Der Bundesrat hat offenbar die Zeichen der Zeit &#8211; zum Schaden f\u00fcr unsere Sicherheit &#8211; noch nicht erkannt. Entgegen dem Parlament das Armeebudget zu erh\u00f6hen, liess der Bundesrat gestern Donnerstag, 26. Januar verlauten, dass dies nicht der Fall sein soll, im Gegenteil. <br \/>Wir werden uns mit vereinten Kr\u00e4ften gegen diesen Entscheid wehren! <br \/><a href=\"https:\/\/www.swiss-f35.ch\"><span style=\"color: #ff0000;\">Lesen Sie durch anklicken dieses Textes weiter.<\/span><\/a><\/strong><\/h4>\r\n<p><strong>13.01.2023<\/strong><\/p>\r\n<div class=\" xsag5q8\" dir=\"auto\">\r\n<div class=\"\" dir=\"auto\">\r\n<div class=\"x1iorvi4 x1pi30zi xjkvuk6 x1swvt13\" data-ad-comet-preview=\"message\" data-ad-preview=\"message\">\r\n<div class=\"x78zum5 xdt5ytf xz62fqu x16ldp7u\">\r\n<div class=\"xu06os2 x1ok221b\">\r\n<div class=\"x11i5rnm xat24cr x1mh8g0r x1vvkbs xdj266r x126k92a\">\r\n<h4 dir=\"auto\"><strong>TalkT\u00e4glich &#8211; Wer schafft es in den Z\u00fcrcher Regierungsrat? Konrad Alder<br \/><\/strong><strong><span style=\"color: #ff0000;\">Wenn Frau NR Priska Seiler Graf im laufenden Regierungsratswahlkampf behauptet, dass sie nie gegen ein neues Kampfflugzeug votiert habe, so ist das schlicht unwahr. Man erinnere sich in diesem Zusammenhang daran, dass PSG als Mitglied der SiK NR und als sicherheitspolitische Sprecherin der SP Schweiz im Rahmen der Referendumsabstimmung \u00abBundesbeschluss \u00fcber die Beschaffung neuer Kampfflugzeuge\u00bb vom 27. September 2020 mit ihrer engagierten Nein-Parole der W\u00e4hlerschaft implizit empfohlen hat, ganz auf ein neues Kampfflugzeug zu verzichten. Dies h\u00e4tte zum irreversiblen Verlust unserer Luftwaffe als Einsatzmittel der 1. Stunde gef\u00fchrt und unsere Bev\u00f6lkerung und Armee allen Bedrohungen aus der Luft preisgegeben. Wer so mit einer zentralen Frage unserer Sicherheit umspringt, geh\u00f6rt nicht in den Regierungsrat des Kantons Z\u00fcrich.<\/span><\/strong><\/h4>\r\n<div dir=\"auto\"><hr \/><\/div>\r\n<\/div>\r\n<\/div>\r\n<\/div>\r\n<\/div>\r\n<\/div>\r\n<\/div>\r\n<p><strong>31.01.2022<\/strong><br \/><a href=\"https:\/\/forum-flugplatz.ch\/wp-content\/uploads\/2022\/01\/Junge-SVP-1-2022.pdf\"><span style=\"color: #ff0000;\"><strong>Das ohrenbet\u00e4ubende Schweigen der Mainstream-Medien. Zwei Artikel in der Publikation der Jungen SVP.<\/strong><\/span><\/a><\/p>\r\n<p><strong>29.01.2022<\/strong><br \/><span style=\"color: #ff0000;\"><a style=\"color: #ff0000;\" href=\"https:\/\/forum-flugplatz.ch\/wp-content\/uploads\/2022\/01\/AufdemWegzum3Weltkrieg.pdf\"><strong>Eine geostrategische \u00dcbersicht von Gotthard Frick: <\/strong><strong>USA\/NATO versus Russland\/China \u2013 unterwegs zum III. <\/strong><strong>Weltkrieg? <\/strong><\/a><\/span><strong><span style=\"color: #ff0000;\">\u00a0\u00a0\u00a0\u00a0\u00a0\u00a0<\/span>\u00a0\u00a0\u00a0\u00a0\u00a0\u00a0\u00a0\u00a0\u00a0\u00a0\u00a0\u00a0\u00a0\u00a0\u00a0\u00a0\u00a0\u00a0\u00a0\u00a0\u00a0\u00a0\u00a0\u00a0\u00a0\u00a0\u00a0\u00a0\u00a0\u00a0\u00a0 \u00a0\u00a0\u00a0\u00a0\u00a0\u00a0\u00a0\u00a0\u00a0\u00a0\u00a0 \u00a0\u00a0\u00a0\u00a0\u00a0\u00a0\u00a0\u00a0\u00a0\u00a0\u00a0 <\/strong><\/p>\r\n<p><strong>28.01.2022<\/strong><br \/><a href=\"https:\/\/forum-flugplatz.ch\/wp-content\/uploads\/2022\/01\/Pressespiegel-18-NZZ.pdf\"><span style=\"color: #ff0000;\"><strong>Die Solol\u00e4ufe bei der Kampfjet-Beschaffung offenbaren die strategische Inkoh\u00e4renz des Bundesrats.<\/strong><\/span><\/a><br \/>Autor: Georg H\u00e4sler \/ Neue Z\u00fcrcher Zeitung<\/p>\r\n<p><strong>27.01.2022<\/strong><br \/><a href=\"https:\/\/forum-flugplatz.ch\/wp-content\/uploads\/2022\/01\/Pressespiegel-17-NZZ.pdf\"><strong><span style=\"color: #ff0000;\">Die USA hatten beim Kampfjet-Deal die besseren Karten als Frankreich &#8211; trotz Avancen von Bern gegen\u00fcber Paris.<\/span><\/strong> <\/a>Autor: Georg H\u00e4sler \/ Neue Z\u00fcrcher Zeitung.<\/p>\r\n<p><strong>25.01.2022<\/strong><br \/><a href=\"https:\/\/forum-flugplatz.ch\/wp-content\/uploads\/2022\/01\/M0006908-V3-1.pdf\"><span style=\"color: #ff0000;\"><strong>&#8220;Die Sicherheitspolitik der Schweiz&#8221;, eine kritische Betrachtung von Dr. iur. Rudolf P. Schaub.<\/strong><\/span><\/a><\/p>\r\n<p><strong>15.01.2022<br \/><span style=\"color: #ff0000;\"><a style=\"color: #ff0000;\" href=\"https:\/\/forum-flugplatz.ch\/wp-content\/uploads\/2022\/01\/Fakten-24.pdf\">Erl\u00e4uterungen zum Erdkampf \/ Vergleich zwischen der Schweiz und Finnland<\/a><\/span><\/strong><\/p>\r\n<p><strong>15.01.2022<\/strong><br \/><strong><a href=\"https:\/\/forum-flugplatz.ch\/wp-content\/uploads\/2022\/01\/VBS-Hintergrundinformationen.pdf\"><span style=\"color: #ff0000;\">VBS-Hintergrundinformationen zum F-35A<\/span><\/a><br \/>Erdkampf \u2013 wof\u00fcr? \/ Lenkwaffen und Munition \/ Tarnkappenf\u00e4higkeit \/ Datensicherheit \/ Vertragskonzept \/ J\u00fcngste Medienbericht-Erstattung<br \/><\/strong><\/p>\r\n<p><strong>03.01.2022<\/strong><br \/><a href=\"https:\/\/forum-flugplatz.ch\/wp-content\/uploads\/2022\/01\/Einwand-Parkway.pdf\"><strong><span style=\"color: #ff0000;\">Einwand Parkway<\/span><\/strong><\/a><br \/>Bis zum 5. Januar 2022 kann sich die Bev\u00f6lkerung zum Bau der geplanten Strasse auf dem Areal des Flugplatzes \u00e4ussern. Es macht ganz den Anschein, als sollen im Schnellschussverfahren vollendete Tatsachen geschaffen werden. <br \/>Der Verdacht liegt nahe, dass die Bev\u00f6lkerung zu publizierten Pl\u00e4nen Stellung nehmen soll, die in der vorliegenden Ausf\u00fchrung gar nicht realisiert werden. Oder mit anderen Worten, die Bev\u00f6lkerung erh\u00e4lt zur Einreichung einer Beschwerde weitgehend Makulatur vorgelegt. Redlich w\u00e4re, die Mitwirkung der Bev\u00f6lkerung dann aufzugleisen, wenn die Pl\u00e4ne unter Einbezug aller Stakeholder fertig ausgearbeitet sind.<\/p>\r\n<p><strong>30.12.2021<\/strong><br \/><a href=\"https:\/\/forum-flugplatz.ch\/wp-content\/uploads\/2021\/12\/Mitgliederbrief-4-2021.pdf\"><span style=\"color: #ff0000;\"><strong>Brief an die Mitglieder des Forums Flugplatz D\u00fcbendorf.<\/strong><\/span><\/a><br \/>Wir w\u00fcnschen Ihnen alles Gute im kommendan Jahr, das n\u00f6tige Quentchen Gl\u00fcck, Gesundheit und trotz Corona viel Lebensfreude.<\/p>\r\n<p><strong>28.12.2021<br \/><\/strong><span style=\"color: #ff0000;\"><strong><a style=\"color: #ff0000;\" href=\"https:\/\/forum-flugplatz.ch\/wp-content\/uploads\/2021\/12\/66420.pdf\">SIPOL 2021<\/a><\/strong><\/span><br \/><strong>Im neuen <a href=\"https:\/\/forum-flugplatz.ch\/wp-content\/uploads\/2021\/12\/66420.pdf\">Sicherheitspolitischen Bericht des Bundesrates<\/a><\/strong> ist an diversen Stellen nachzulesen, was die Armee zur Abwehr eines Angriffs k\u00f6nnen und \u00fcber welche F\u00e4higkeiten sie verf\u00fcgen muss. Nur die entscheidende Schl\u00fcsselfrage, ob unsere Armee das auch wirklich kann, n\u00e4mlich den verfassungsm\u00e4ssigen Auftrag gem. BV Art. 48, Abs. 2 auch zu erf\u00fcllen, wird nirgends festgehalten. <strong>Ein bedeutender Schwachpunkt<\/strong>. Den\/die Leser\/Inn wird suggeriert, dass unsere Landesverteidigung das in Wirklichkeit kann. Ich habe meine gr\u00f6ssten Zweifel liebe Vereinsmitglieder und ich w\u00fcrde die Autoren dieses Berichtes gerne einmal dar\u00fcber befragen. Zu viel Material hat unsere bis auf 100\u2018000 Mann abgewrackte WEA-Armee ersatzlos verschrottet. Das muss man sich mal leisten k\u00f6nnen!<\/p>\r\n<p><strong>01.12.2021<\/strong><br \/><strong>F-35:\u00a0<\/strong>Der Entscheid ist stark, weil er gegen die Drohung der Armeeabschaffer mit einer Volksinitiative zu reagieren, sachlich begr\u00fcndet auf dem besten Resultat basiert. Ausgezeichneter Artikel vom ehem. Kommandanten der Schweizer Luftwaffe, Markus Gygax. <span style=\"color: #ff0000;\"><a style=\"color: #ff0000;\" href=\"https:\/\/forum-flugplatz.ch\/wp-content\/uploads\/2021\/12\/Fakten-17-MG-Ein-starker-Entscheid.pdf\">Weiterlesen&#8230;<\/a><\/span><\/p>\r\n<p><strong>25.11.2021<\/strong><br \/><strong>Voglio Volare: <a href=\"https:\/\/forum-flugplatz.ch\/wp-content\/uploads\/2021\/11\/History_Flugplatz_Duebendorf.pdf\">\u201eLast call\u201c zum Kampf gegen die eingeleitete Zerst\u00f6rung des aviatischen Weltkulturerbes der Menschheit<\/a><\/strong>. Dr. J\u00fcrg Lindecker dokumentiert die spannende Geschichte des Flugplatztes D\u00fcbendorf. Manche \u201e<strong>Kulturschaffenden<\/strong>\u201c, die sich in esoterisch anmutenden Abhandlungen mit der Frage herumqu\u00e4len, ob <em>Wissenschaft <\/em>und <em>Technik <\/em>\u00fcberhaupt etwas mit <em>Kultur <\/em>zu tun h\u00e4tten, blenden schlicht und ergreifend die Tatsache aus, dass es eine epochale <a href=\"https:\/\/www.bak.admin.ch\/bak\/de\/home\/aktuelles\/nsb-news.msg-id-48664.html\"><strong><em>Kultur-Grundsteinlegung<\/em><\/strong> <\/a>der Menschheit war, als vor \u00fcber <strong>110 Jahren <\/strong>ein <em>Sumpfgel\u00e4nde <\/em>im z\u00fcrcherischen <em>Glattal <\/em>in den <strong>ersten Flugplatz <\/strong>unseres Landes umgewandelt wurde. <a href=\"https:\/\/forum-flugplatz.ch\/wp-content\/uploads\/2021\/11\/History_Flugplatz_Duebendorf.pdf\"><span style=\"color: #ff0000;\"><strong>Weiterlesen&#8230;<\/strong><\/span><\/a><\/p>\r\n<p><strong>17.11.2021<\/strong><br \/><strong><span style=\"color: #000080;\">Bitte kontaktieren Sie unsere spezielle Homepage <span style=\"color: #ff0000;\"><a style=\"color: #ff0000;\" href=\"https:\/\/swiss-f35.ch\">https:\/\/swiss-f35.ch<\/a><\/span> zum Thema neues Kampfflugzeug f\u00fcr die Schweiz. Im Moment konzentrieren sich unsere Aktivit\u00e4ten speziell auf die Beschaffung des F-35A zu Gunsten unserer Luftwaffe und Armee. <br \/><span style=\"color: #ff0000;\"><a style=\"color: #ff0000;\" href=\"https:\/\/prolibertate.ch\">Pro Libertate<\/a><\/span> hat diese Tage einen ausgezeichneten Flyer \u00fcber die F-35A &#8220;Faktenblatt zum geplanten neuen Kampfflugzeug&#8221; an die Mitglieder verteilt. <span style=\"color: #ff0000;\">Wir danken Pro Libertate f\u00fcr ihre tatkr\u00e4ftige Unterst\u00fctzung.<\/span><\/span><\/strong><\/p>\r\n<p><strong>29.09.2021<br \/><\/strong><span style=\"color: #ff0000;\"><a href=\"https:\/\/forum-flugplatz.ch\/wp-content\/uploads\/2021\/10\/210929_ZNZZ.pdf\"><strong><span style=\"color: #ff0000;\">Widerstand gegen die Bundesbasis \/ NZZ vom 29.09.2021<\/span><\/strong><\/a><br \/><span style=\"color: #000000;\">Unter dem Titel &#8220;Gezerre um den Innovationspark&#8221; beleuchtet NZZ Redaktor Stefan Hotz die aktuelle Situation auf dem Flugplatz D\u00fcbendorf bis zur Distanzierung des Forum Flugplatz D\u00fcbendorf von&#8230;.\u00a0<\/span><\/span><\/p>\r\n<p><strong>01.09.2021<br \/><\/strong><strong><span style=\"color: #ff0000;\"><a style=\"color: #ff0000;\" href=\"https:\/\/www.swiss-f35.ch\">SWISS-F35 ist die neue Homepage unseres Vereins und befasst sich ausschliesslich mit der Beschaffung des neuen Kampfflugzeuges F-35A f\u00fcr unsere Luftwaffe.<\/a><\/span><\/strong>\u00a0<\/p>\r\n<p><span style=\"color: #000000;\"><a style=\"color: #000000;\" href=\"https:\/\/forum-flugplatz.ch\/wp-content\/uploads\/2021\/09\/AvU-22-09-2021-NKF.pdf\"><strong>22.09.2021<\/strong><\/a><\/span><br \/><a href=\"https:\/\/forum-flugplatz.ch\/wp-content\/uploads\/2021\/09\/AvU-22-09-2021-NKF.pdf\"><strong><span style=\"color: #ff0000;\">Als es nach einer Hitzeperiode in den Dachst\u00fchlen eines Dorfes mottete, forderte eine Gruppe vehement die Abschaffung der Feuerwehr<\/span><\/strong><\/a>. So kommt die GSoA daher, die locker etwas behaupten kann, ohne je Verantwortung tragen zu m\u00fcssen. Es tritt aber meistens das Szenario ein, das man nicht erwartet.\u00a0<\/p>\r\n<p><strong>12.09.2021<\/strong><br \/><strong><a href=\"https:\/\/forum-flugplatz.ch\/wp-content\/uploads\/2021\/09\/Leserbrief.jpg\"><span style=\"color: #ff0000;\">Clever verpackter Synthesebericht des Z\u00fcrcher Regierungsrates.<\/span><\/a><br \/><\/strong>Wir sind nicht gegen einen Innovationspark sofern er auf eine aviatiknahe Infrastruktur mit Piste angewiesen ist nach dem Vorbild der Universit\u00e4t in Cranfield nord\u00f6stlich von London. Aviatische Grundlagenforschung mit grossem Entwicklungspotential auf dem Flugplatzgel\u00e4nde. Eine erfolgsversprechende &#8220;Symbiose&#8221;!<\/p>\r\n<p><strong>01.09.2021<\/strong><br \/><strong>Leider versuchen Armeegegner und solche, die lieber einen anderen Flugzeugtyp w\u00fcnschen,<br \/><\/strong><strong>die F-35A aus politischen und anderen Gr\u00fcnden zu diskreditieren. <span style=\"color: #ff0000;\">Die Homepage <a href=\"https:\/\/swiss-f35.ch\">www.swiss-f35.ch<\/a><\/span><br \/><span style=\"color: #ff0000;\">soll einen faktenbasierten Kontrapunkt dazu darstellen<\/span>.<\/strong><\/p>\r\n<p><strong>05.08.2021<\/strong><br \/>Von allem ein wenig, von nichts genug, vieles veraltet und Wichtiges nicht vorhanden. Das ist das Fazit des Autors Dr. iur. Rudolf P. Schaub in seinem neuen Buch <a href=\"https:\/\/forum-flugplatz.ch\/wp-content\/uploads\/2021\/08\/Forum-Flash-30.pdf\"><span style=\"color: #ff0000;\"><strong>&#8220;Schweizer Armee in der Konzeptions-Sackgasse&#8221;<\/strong><\/span><\/a>, Verfasser diverser Milit\u00e4rischen Publikationen. Das Buch soll Bundesrat und Parlament endlich aufr\u00fctteln, die notwendigen Weichenstellungen hin zu einer glaubw\u00fcrdigen Armee vorzunehmen!<\/p>\r\n<p><strong>31.07.2021<\/strong><br \/><a href=\"https:\/\/forum-flugplatz.ch\/wp-content\/uploads\/2021\/08\/Forum-Newsticker-100.pdf\"><strong><span style=\"color: #ff0000;\">Forum-Newsticker 100: Bemerkenswerte Stellungnahme eines Insiders zum Swiss-F35<\/span><\/strong><\/a>. Aus den<em> Milit\u00e4rischen Nachrichten Schweiz (MNS) \/ Nachbrenner von Konrad Alder<\/em>: \u00abEs ist auch kein Wunder, dass die Amerikaner in der R\u00fcstungstechnologie 20 Jahre Vorsprung auf die Europ\u00e4er haben. Im Gegensatz zu Europa haben sie immer Geld daf\u00fcr ausgegeben und finanzieren heute auch zu 80 Prozent die NATO\u00bb.\u00a0<\/p>\r\n<p><strong>11.07.2021<\/strong><br \/><a href=\"https:\/\/forum-flugplatz.ch\/wp-content\/uploads\/2021\/07\/Forum-Flash-29.pdf\"><strong><span style=\"color: #ff0000;\">Verbindlichkeit der Offerte f\u00fcr den F-35A als neues Kampfflugzeug<\/span><\/strong><\/a><br \/>Die Berichte in den heutigen Ausgaben von Sonntagsblick und Sonntagszeitung \u00fcber die Verbindlichkeit der<br \/>Offerte f\u00fcr den F-35A als neues Kampfflugzeug enthalten einseitige Darstellungen. Das Bundesamt f\u00fcr R\u00fcstung armasuisse hat dazu eine Klarstellung publiziert.<\/p>\r\n<p><strong>08.07.2021<br \/><a href=\"https:\/\/forum-flugplatz.ch\/wp-content\/uploads\/2021\/07\/Forum-Flash-28.pdf\"><span style=\"color: #ff0000;\">INFO FLASH 28<\/span><span style=\"color: #ff0000;\">: F\u00fcr einmal eine gute journalistische Recherchenarbeit \u00fcber Kosten und Leistung des F-35A in europ\u00e4ischen L\u00e4ndern.<\/span><\/a><\/strong><\/p>\r\n<p><strong>07.07.2021<\/strong><br \/><a href=\"https:\/\/forum-flugplatz.ch\/wp-content\/uploads\/2021\/07\/Forum-Flash-27-1.pdf\"><strong><span style=\"color: #ff0000;\">Forum-Flash-27<\/span><\/strong><\/a>: Es ist schlicht unertr\u00e4glich was beinahe t\u00e4glich in den Medien an Halb- und Unwahrheiten \u00fcber das neue Kampfflugzeug der 5. Generation f\u00fcr die Schweiz verzapft wird. <a href=\"https:\/\/forum-flugplatz.ch\/wp-content\/uploads\/2021\/07\/Forum-Flash-27-1.pdf\"><strong><span style=\"color: #ff0000;\">Hazard Lee, ein unabh\u00e4ngiger F-35 Pilot erkl\u00e4rt auf eindr\u00fcckliche Weise, weshalb die Medien derart auf das derzeit beste Kampfflugzeug eindreschen.<\/span><\/strong><\/a><\/p>\r\n<h5>01.07.2021<br \/>Die neuste Publikation aus dem Hause VBS. <strong><span style=\"color: #ff0000;\">Milit\u00e4rwissenschaftliche Zeitschrift der Schweizer Armee <\/span><\/strong><a href=\"https:\/\/forum-flugplatz.ch\/wp-content\/uploads\/2021\/07\/21-1_stratos_web.pdf\"><span style=\"color: #ff0000;\">STRATOS<\/span><\/a>.<\/h5>\r\n<h5><span style=\"color: #000000;\"><a style=\"color: #000000;\" href=\"https:\/\/forum-flugplatz.ch\/wp-content\/uploads\/2021\/06\/Parlamentarierbrief-1.pdf\"><strong>30.06.2021 \/ 16.30<\/strong><\/a><\/span><br \/><span style=\"color: #ff0000;\"><strong><a style=\"color: #ff0000;\" href=\"https:\/\/forum-flugplatz.ch\/wp-content\/uploads\/2021\/06\/Medienmitteilung-F-35.pdf\">Medienmitteilung zum Entscheid des Bundesrates f\u00fcr das neue Kampfflugzeug F-35A der Schweiz<\/a><\/strong>. <span style=\"color: #000080;\">Das Forum begr\u00fcsst den Entscheid des Bundesrates aber bedauert, dass es nicht 40 Kampfflugzeuge sind.<br \/><a href=\"https:\/\/forum-flugplatz.ch\/wp-content\/uploads\/2021\/07\/Kurzbericht-Evaluation-67477.pdf\"><span style=\"color: #ff0000;\"><strong>Kurzbericht \u00fcber die Evaluation<\/strong><\/span><\/a><\/span><\/span><\/h5>\r\n<h5><strong>30.06.2021<\/strong><br \/><strong><a href=\"https:\/\/forum-flugplatz.ch\/wp-content\/uploads\/2021\/06\/Parlamentarierbrief.pdf\"><span style=\"color: #ff0000;\">Offener Brief an unsere Parlamentarier<\/span><\/a><br \/><\/strong><span style=\"color: #000080;\">Das Seilziehen um den Typenentscheid hat auf der politischen B\u00fchne unertr\u00e4gliche Dimensionen erreicht. Das von Frau Bundesr\u00e4tin Viola Amherd lancierte Evaluationsverfahren, das von gestandenen Experten durchgef\u00fchrt wurde, wird mit unhaltbaren Argumenten in Zweifel gezogen. Dazu einige Gedanken und Fakten.<\/span><\/h5>\r\n<p><strong>11.06.2021<\/strong><br \/><a href=\"https:\/\/forum-flugplatz.ch\/wp-content\/uploads\/2021\/06\/Sicherheit-Schweiz-2021.pdf\"><strong><span style=\"color: #ff0000;\">Sicherheit Schweiz 2021. <\/span><\/strong><\/a><strong><span style=\"color: #ff0000;\">Der Nachrichtendienst des Bundes publiziert seinen neuen Lagebericht.<\/span><\/strong><\/p>\r\n<p><strong>11.06.2021<\/strong><br \/>Interessantes Interview von Markus Somm (Nebelspalter) und KKdt Thomas S\u00fcssli (CdA)<br \/><a href=\"https:\/\/youtu.be\/3eQBnO0TdZw\"><strong><span style=\"color: #ff0000;\">https:\/\/youtu.be\/3eQBnO0TdZw<\/span><\/strong><\/a><\/p>\r\n<p><span style=\"color: #000000;\"><strong>12. 02. 2021<\/strong><\/span><br \/><span style=\"color: #ff0000;\"><strong><a style=\"color: #ff0000;\" href=\"http:\/\/forum-flugplatz.ch\/wp-content\/uploads\/2021\/02\/Forum-Flash-25.pdf\">INFO FLASH 25\u00a0 &#8220;Die CIA fliegt mit<\/a>&#8221; oder der hoffnungslose Versuch einer Bekehrung<\/strong><\/span>. Ein besonderer Mailverkehr mit <strong>Frau Priska-Seiler-Graf<\/strong>, Nationalr\u00e4tin und Mitglied der SP sowie der Sicherheitspolitischen Kommission des Nationalrates.<\/p>\r\n<p><strong>06.02.2021<\/strong><br \/><a href=\"http:\/\/forum-flugplatz.ch\/wp-content\/uploads\/2021\/02\/Forum-Flash-24.pdf\"><strong><span style=\"color: #ff0000;\">INFO FLASH 24<\/span><\/strong><\/a> &#8220;Wohin geht die Reise&#8221; auf dem Flugplatz D\u00fcbendorf?<br \/>Einreichung unserer Eingabe an das Amt f\u00fcr Verkehr des Kantons Z\u00fcrich.<\/p>\r\n<p><strong>16.12.2020<\/strong><br \/><a href=\"http:\/\/forum-flugplatz.ch\/wp-content\/uploads\/2020\/12\/Forum-Flash-23.pdf\"><strong><span style=\"color: #ff0000;\">INFO FLASH 23<\/span><\/strong><\/a> erkl\u00e4rt <span style=\"color: #ff0000;\"><strong>m\u00f6gliche Gr\u00fcnde zum besch\u00e4menden Abstimmungsresultat f\u00fcr ein neues Kampfflugzeug am 27. September 2020 und h\u00e4lt ca. 136 Testimonials von Parlamentariern\/Innen fest<\/strong><\/span>.<\/p>\r\n<p><strong>16.12.2020<\/strong><br \/><strong><a href=\"http:\/\/forum-flugplatz.ch\/wp-content\/uploads\/2020\/12\/Forum-Info-Nr55.pdf\"><span style=\"color: #ff0000;\">INFO NEWS 55<\/span><\/a> ist soeben erschienen. Es behandelt auf 24 Seiten u.a. die <span style=\"color: #ff0000;\">unsinnige Liquidation der Festungsminenwerfer als Akt einer beispiellosen Wehrlosmachung<\/span> der Schweiz und die geplante Beschaffung einer v\u00f6llig missratenen Eigenentwicklung des M\u00f6rser 16. Gleichzeitig wird das finnische System NEMO von Patria vorgestellt.\u00a0\u00a0<\/strong><\/p>\r\n<p><strong>06.12.2020<\/strong><br \/><strong><span style=\"color: #ff0000;\">https:\/\/www.facebook.com\/armee.ch\/videos\/159834112502890\/<br \/><span style=\"color: #000000;\">Die Kampagne der Schweizer Luftwaffe mit 10 Hornets in Leeming \/ England<\/span><\/span><\/strong><\/p>\r\n<p><strong>06.12.2020<br \/><span style=\"color: #ff0000;\">https:\/\/www.facebook.com\/raf.leeming\/posts\/1780122875480540<br \/><\/span><\/strong><a class=\"oajrlxb2 g5ia77u1 qu0x051f esr5mh6w e9989ue4 r7d6kgcz rq0escxv nhd2j8a9 nc684nl6 p7hjln8o kvgmc6g5 cxmmr5t8 oygrvhab hcukyx3x jb3vyjys rz4wbd8a qt6c0cv9 a8nywdso i1ao9s8h esuyzwwr f1sip0of lzcic4wl oo9gr5id gpro0wi8 lrazzd5p\" tabindex=\"0\" role=\"link\" href=\"https:\/\/www.facebook.com\/raf.leeming\/?__cft__[0]=AZWRNjW7LXggCOunCenpe_jLF7yN8vweZSFtm5oT8JhgvGnE3xrqdwnT30Oo6i0ZbcX4EQiPjRnLIyoz9O24tG-EyFvffw8-E0hqLnMjABhktyWQbgwbIQGnjj-x18nkkorlU7QH2zWKKOkMsw_cAubhMdDL9QvFRHAi9zAQucLSCw&amp;__tn__=-UC%2CP-R\"><strong>RAF Leeming<\/strong><\/a><br \/>You\u2019ve no doubt noticed the F-18s are detached to North Yorkshire. Lt Col Aldo Wicki explains why Ex YORKNITE is so important to the Swiss Air Force.<\/p>\r\n<p><strong>23.10.2020<\/strong><br \/>Auszug aus dem neuen Forum Info Nr. 55:<br \/><span style=\"color: #ff0000;\"><a style=\"color: #ff0000;\" href=\"http:\/\/forum-flugplatz.ch\/wp-content\/uploads\/2020\/10\/Forum-Info-Nr55-S2-4.pdf\"><strong>Der Panzerm\u00f6rser 16 Cobra stellt einen weiteren &#8220;Meilenstein&#8221; im Beschaffungsskandal dar<\/strong><\/a><\/span>. Rechtsanwalt Dr. R<\/p>\r\n<p><strong>16.11.2020<br \/><span style=\"color: #ff0000;\">Deutschland \u2013 \u00d6sterreich \u2013 Schweiz \/ Sicherheitspolitische Zielsetzungen \u2013 milit\u00e4rpolitische Ausrichtungen.<br \/><\/span><\/strong><strong><span style=\"color: #000000;\">Schweizerische Sicherheitspolitik und Armeeentwicklung seit dem Ende des Kalten Krieges<\/span><br \/><\/strong>Seit 2009 k\u00f6nnen Wehrpflichtige anstelle des Milit\u00e4rdienstes den Zivildienst w\u00e4hlen, ohne sich einer Gewissenpr\u00fcfung zu unterziehen, die bis dahin obligatorisch gewesen war. Die Folge davon&#8230;..<\/p>\r\n<p><strong>16.11.2020 NZZ:\u00a0<\/strong><br \/><a href=\"http:\/\/forum-flugplatz.ch\/wp-content\/uploads\/2020\/11\/Kampfjets-der-Auftrag-definiert-die-Mittel.pdf\"><span style=\"color: #ff0000;\"><strong>Kampfjets \u2013 der Auftrag definiert die Mittel<\/strong><\/span><\/a>. Das knappe Resultat der Kampfjet-Abstimmung weckt politische Begehrlichkeiten. Die Gegner stellen die beschlossenen Mittel infrage. Drei b\u00fcrgerliche St\u00e4nder\u00e4te pl\u00e4dieren f\u00fcr den eingeschlagenen Weg. Gastkommentar von Thierry Burkart, Andrea Gm\u00fcr und Werner Salzmann<\/p>\r\n<p><strong>06.11.2020<\/strong><br \/><a href=\"http:\/\/forum-flugplatz.ch\/wp-content\/uploads\/2020\/11\/Neue-Chance-Glattaler-06-11-2020.pdf\"><strong><span style=\"color: #ff0000;\">F\u00fcr den Flugplatz D\u00fcbendorf ergeben sich f\u00fcr die Entwicklung neue Chancen<\/span><\/strong><\/a>. Das Forum wird sich frei von juristischen Gepl\u00e4nkeln in die anstehende Diskussion \u00fcber die Entwicklung des Flugplatzgel\u00e4ndes konstruktiv einbringen. Die entsprechenden Kontakte sind gekn\u00fcpft.<\/p>\r\n<p><strong>04.11.2020<\/strong> \/ Aus der Oktoberausgabe des Schweizer Soldat<br \/><span style=\"color: #ff0000;\"><a style=\"color: #ff0000;\" href=\"http:\/\/forum-flugplatz.ch\/wp-content\/uploads\/2020\/11\/OG-Panzer-SD-Oktober.pdf\"><strong>OG Panzer: Zur Entstehung der \u00abgelben Fachoffiziersgesellschaft\u00bb.<\/strong><\/a><\/span><br \/>Ein Blick in die Geschichte der OG Panzer zeigt: Damals wie heute ist dieses Sprachrohr wichtig. Autor: Major aD Willy P. Stelzer, ehemals Kdt Pz Bat 20, Of im Stab FAK 2<\/p>\r\n<p><strong>30.10.2020<\/strong><br \/><span style=\"color: #ff0000;\"><strong><a style=\"color: #ff0000;\" href=\"http:\/\/forum-flugplatz.ch\/wp-content\/uploads\/2020\/10\/AH-Zmittag_Referat-Zack.pdf\">RA Rudolf P. Schaub: Ein h\u00f6chst informativer Vortrag eines Diplomaten im Ruhestand<\/a><\/strong><\/span>. Die Ausf\u00fchrungen best\u00e4tigen einmal mehr, dass wir eine spezielle Regierung haben, welche nur pragmatisch-opportunistisch und nicht strategisch denkt und handelt. Ich bin \u00fcberzeugter Gegner des InstA, aber verstehe aus juristischer Sicht die Ver\u00e4rgerung und Sturheit von Br\u00fcssel. Der Bundesrat als Ganzes hat st\u00fcmperhaft gehandelt. Burkhalter und Rossier waren St\u00fcmper im Quadrat.<\/p>\r\n<p><strong>24.10.2020<\/strong> Spiegel Nr. 44<br \/>&#8220;<a href=\"http:\/\/forum-flugplatz.ch\/wp-content\/uploads\/2020\/10\/Bundeswehr-Spiegelgespraech.pdf\"><strong><span style=\"color: #ff0000;\">Kultur der Angst<\/span><\/strong><\/a>&#8221; &#8211; Der Milit\u00e4rhistoriker S\u00f6nke Neitzel \u00fcber das Fremdeln der Deutschen mit der Bundeswehr und den tiefen Riss zwischen Truppe und F\u00fchrung.\u00a0<\/p>\r\n<p><strong>23.10.2020<\/strong><br \/>Auszug aus dem neuen Forum Info Nr. 55:<br \/><span style=\"color: #ff0000;\"><a style=\"color: #ff0000;\" href=\"http:\/\/forum-flugplatz.ch\/wp-content\/uploads\/2020\/10\/Forum-Info-Nr55-S2-4.pdf\"><strong>Der Panzerm\u00f6rser 16 Cobra stellt einen weiteren &#8220;Meilenstein&#8221; im Beschaffungsskandal dar<\/strong><\/a><\/span>. Rechtsanwalt Dr. Rudolf P. Schaub, Oberstleutnant a.D. deckt die knapp rund M\u00e4ngel auf und kritisiert die &#8220;attestierte bedingte Truppentauglichkeit&#8221;.\u00a0\u00a0<\/p>\r\n<p><strong>16.09.2020<\/strong><br \/>Die Z\u00fcrcher Regierung zieht das abschl\u00e4gige Urteil des Verwaltungsgerichtes zum kantonalen Gestaltungsplan ans Bundesgericht weiter. Parallel dazu soll bis im Fr\u00fchling 2021 ein Synthesebericht (Masterplan) erarbeitet werden. In unserer Publikation <a href=\"http:\/\/forum-flugplatz.ch\/wp-content\/uploads\/2020\/08\/Forum-Info-Nr54.pdf\"><span style=\"color: #ff0000;\"><strong>Forum-Info 54<\/strong><\/span><\/a>, werden unsere Vorstellungen betr. zuk\u00fcnftiger Nutzung deutlich festgehalten sind. In diesem Sinne werden wir uns auch in k\u00fcnftige Diskussionen einbringen. Dazu unsere<span style=\"color: #ff0000;\"><a style=\"color: #ff0000;\" href=\"http:\/\/forum-flugplatz.ch\/wp-content\/uploads\/2020\/09\/Medienmitteilung-16-09-2020-1.pdf\"><strong> Medienmitteilung zum weiteren Vorgehen des Regierungsrates<\/strong><\/a><\/span><strong>.<\/strong><\/p>\r\n<p><strong>15.09.2020<\/strong><br \/><a href=\"http:\/\/forum-flugplatz.ch\/wp-content\/uploads\/2020\/09\/AVIA-BroschuereAIR2030.pdf\"><strong><span style=\"color: #ff0000;\">AIR 2030 &#8211; L\u00f6sen sich 6 Mrd. in Luft auf<\/span><\/strong><\/a>? Information zur sicherheitspolitischen Debatte in der Schweiz im Zusammenhang mit der Beschaffung neuer Kampfflugzeuge. Eine umfangreiche Publikation der AVIA-Luftwaffe.<\/p>\r\n<p><strong>04.09.2020<\/strong><br \/><a href=\"http:\/\/forum-flugplatz.ch\/wp-content\/uploads\/2020\/09\/Forum-Flash-22.pdf\"><strong><span style=\"color: #ff0000;\">INFO Flash 22<\/span><\/strong><\/a>: F\u00fcr die Luftwaffe und die Armee geht es bei der Abstimmung vom 27. September 2020 um alles oder nichts. Fritz Maurer wagt einen Blick in die Geschichte und stellt einige Argumente und Gegenargumente gegen\u00fcber. Und wie leistungsf\u00e4hig ist ein Trainingsflugzeug?<\/p>\r\n<p><strong>01.09.2020<\/strong><br \/><a href=\"http:\/\/forum-flugplatz.ch\/wp-content\/uploads\/2020\/09\/Forum-Flash-21.pdf\"><strong><span style=\"color: #ff0000;\">INFO Flash 21<\/span><\/strong><\/a>: Es war zu erwarten, die GSoA f\u00e4hrt schweres Gesch\u00fctz auf mit haneb\u00fcchenen Argumenten. <span style=\"color: #ff0000;\"><a style=\"color: #ff0000;\" href=\"http:\/\/forum-flugplatz.ch\/wp-content\/uploads\/2020\/09\/Forum-Flash-21.pdf\">Konrad Alder<\/a><\/span> nimmt zu einem Artikel von Ch. Lenz in der Tamedia Presse pointiert Stellung.\u00a0<\/p>\r\n<p><strong>22.08.2020<\/strong><br \/><strong><span style=\"color: #ff0000;\"><a style=\"color: #ff0000;\" href=\"https:\/\/forum-flugplatz.ch\/wp-content\/uploads\/2020\/07\/AKK-Zeit-Online.pdf\">Interview von &#8220;Zeit Online&#8221;<\/a><\/span><\/strong> mit der deutschen Verteidigungsministerin Annagret Kramp-Karrenbauer.<\/p>\r\n<p><strong>21. 08 2020<br \/><\/strong><a href=\"http:\/\/forum-flugplatz.ch\/wp-content\/uploads\/2020\/08\/Forum-Info-Nr54.pdf\"><span style=\"color: #ff0000;\"><strong>Forum-Info 54<\/strong><\/span><\/a>. Gen\u00fcgt unsere Armee oder sollte sie auch glaubw\u00fcrdig sein? Diese Ausgabe befasst schwergewichtig mit der dringenden Beschaffung von Kampfflugzeugen worin mehrere Autoren Stellung beziehen: <span style=\"color: #ff0000;\"><strong>Oberst i Gst Peter (Pablo) Merz<\/strong><\/span><strong>,<\/strong><span style=\"color: #ff0000;\"><span style=\"color: #000000;\"> designierter Kommandant Luftwaffe, <\/span><strong>Konrad Alder<\/strong><\/span><strong>, <\/strong><span style=\"color: #ff0000;\"><span style=\"color: #000000;\">Herausgeber der Milit\u00e4rpolitischen Nachrichten Schweiz,<\/span><strong> Alexander Steinacher, Ernst K\u00e4gi <\/strong><span style=\"color: #000000;\">und<\/span><strong> Fritz Maurer<\/strong><\/span>.<\/p>\r\n<p><strong>19.08.2020<\/strong><br \/><strong><span style=\"color: #ff0000;\">Ernennung von H\u00f6heren Stabsoffizieren<\/span><\/strong>.<br \/><a href=\"http:\/\/forum-flugplatz.ch\/wp-content\/uploads\/2020\/08\/Ernennungen.pdf\"><span style=\"color: #ff0000;\"><strong>Oberst i Gst Peter Merz<\/strong><\/span><\/a>, Projektleiter NKF, wird auf den 1.Juli 2021 mit gleichzeitiger Bef\u00f6rderung zum Division\u00e4r neuer Kommandant der Luftwaffe.<\/p>\r\n<p><strong>17.08.2020<\/strong><br \/>Wieder ein <strong><span style=\"color: #ff0000;\"><a style=\"color: #ff0000;\" href=\"http:\/\/forum-flugplatz.ch\/wp-content\/uploads\/2020\/08\/Hermes-900-Probleme-AVU_2020-08-17.pdf\">politisches &#8220;Pilzchen<\/a><\/span><\/strong><span style=\"color: #ff0000;\">&#8220;<\/span> betreffend Zusammenarbeit mit dem Hersteller der Drohne.\u00a0<\/p>\r\n<p><strong>16.08.2020<\/strong><br \/><strong><span style=\"color: #ff0000;\"><a style=\"color: #ff0000;\" href=\"http:\/\/forum-flugplatz.ch\/wp-content\/uploads\/2020\/08\/Luftverteidigung-als-Gesamtsystem-d2.pdf\">Luftverteidigung als Gesamtsystem<\/a><\/span><\/strong>. Eine ausgezeichnete Zusammenfassung der wichtigsten Fakten. Unter Luftverteidigung versteht man alle Massnahmen, die ergriffen werden, um einen bestimmten Grad an Kontrolle \u00fcber den Luftraum zu erreichen, n\u00e4mlich eine Luft\u00fcberlegenheit oder sogar die Luftherrschaft.<\/p>\r\n<p><strong>10.08.2020:<\/strong><br \/><a href=\"http:\/\/forum-flugplatz.ch\/wp-content\/uploads\/2020\/08\/Forum-Flash-17.pdf\"><span style=\"color: #ff0000;\"><strong>INFO Flash 17<\/strong><\/span><\/a> hat den wegweisenden Verwaltungsgerichtsentscheid zum <span style=\"color: #ff0000;\"><a style=\"color: #ff0000;\" href=\"http:\/\/forum-flugplatz.ch\/wp-content\/uploads\/2020\/08\/Forum-Flash-17.pdf\">Stopp des Innovationsparkes<\/a><\/span> zum Thema. Dar\u00fcber hinaus d\u00fcrften die Karten f\u00fcr eine neue aviatische Nutzung auf dem Flugplatz D\u00fcbendorf neu gemischt werden.<\/p>\r\n<p><strong>04.08.2020 <a href=\"http:\/\/forum-flugplatz.ch\/wp-content\/uploads\/2020\/08\/Waschmaschine.pdf\"><span style=\"color: #ff0000;\">Bl\u00f6dsinn und Binsenwahrheiten<\/span><\/a><br \/><\/strong>In den Medien tauchen, nicht zum ersten Mal von Gegnern der Beschaffung eines neuen Kampfflugzeuges NKF, Bl\u00f6dsinn und Binsenwahrheiten auf \u00fcber die Abh\u00e4ngigkeiten eines Landes vom Hersteller eines hochkomplexen Produktes. <span style=\"color: #ff0000;\"><strong><a style=\"color: #ff0000;\" href=\"http:\/\/forum-flugplatz.ch\/wp-content\/uploads\/2020\/08\/Waschmaschine.pdf\">Hier eine Erkl\u00e4rung<\/a><\/strong><\/span>.<\/p>\r\n<p><strong>03.08.2020<\/strong><br \/><a href=\"http:\/\/forum-flugplatz.ch\/wp-content\/uploads\/2020\/08\/Forum-Flash-18.pdf\"><strong><span style=\"color: #ff0000;\">INFO Flash 18<\/span><\/strong><\/a> nimmt das<a href=\"http:\/\/forum-flugplatz.ch\/wp-content\/uploads\/2020\/08\/Forum-Flash-18.pdf\"><strong><span style=\"color: #ff0000;\"> Corona Virus COVID-19<\/span><\/strong><\/a> ins Visier. Lesen Sie die Antworten vom CdA, KKdt Thomas S\u00fcssli auf unsere Fragen.<\/p>\r\n<p><strong>27.07.2020<\/strong><br \/><a href=\"http:\/\/forum-flugplatz.ch\/wp-content\/uploads\/2020\/07\/Forum-Flash-19-1.pdf\"><span style=\"color: #ff0000;\"><strong>INFO Flash 19<\/strong><\/span><\/a> nimmt Stellung zur unn\u00f6tigen Liquidation der Doppel-Festungsminenwerfer. <span style=\"color: #ff0000;\"><strong>Diese Liquidation d\u00fcrfte als die gef\u00e4hrlichste Wehrlosmachung in die Schweizer Geschichte eingehen<\/strong><\/span>. <strong><a href=\"http:\/\/forum-flugplatz.ch\/wp-content\/uploads\/2020\/07\/Forum-Flash-19-1.pdf\">Doch lesen Sie selbst nach<\/a>.<\/strong><\/p>\r\n<p><strong>22.07.2020<\/strong>:<br data-rich-text-line-break=\"true\" \/>Der <strong><span style=\"color: #ff0000;\"><a style=\"color: #ff0000;\" href=\"http:\/\/forum-flugplatz.ch\/wp-content\/uploads\/2020\/07\/AneigerUster-Verwaltungsgerichtsentscheid-2020-07-22.pdf\">Anzeiger Uster \/ Z\u00fcrcher Oberl\u00e4nder<\/a><\/span><\/strong> berichtet in der Ausgabe vom 22. Juli 2020 \u00fcber den Entscheid des Verwaltungsgerichtes.<\/p>\r\n<p><span style=\"color: #ff0000;\"><strong><a style=\"color: #ff0000;\" href=\"http:\/\/forum-flugplatz.ch\/wp-content\/uploads\/2020\/07\/Verwaltungsgerichtsentscheid.pdf\"><span style=\"color: #000000;\">21.07.2020:<br \/>Kommentar zum<\/span> Verwaltungsgerichtsentscheid<\/a><\/strong><\/span><br \/>Das Forum Flugplatz ist \u00fcber den Entscheid des Verwaltungsgerichtes zur Aufhebung des kantonalen Gestaltungsplan &#8220;Innovationspark Z\u00fcrich&#8221; erfreut. Die <a href=\"http:\/\/forum-flugplatz.ch\/wp-content\/uploads\/2020\/07\/Medienmitteilung-Innovationspark.pdf\"><strong><span style=\"color: #ff0000;\">Medienmitteilung<\/span><\/strong><\/a> des Verwaltungsgerichtes.<\/p>\r\n<p><a href=\"http:\/\/forum-flugplatz.ch\/wp-content\/uploads\/2020\/07\/Herausforderung_neues_Kampfflugzeug.pdf\"><span style=\"color: #ff0000;\"><strong>Herausforderung neues Kampfflugzeug f\u00fcr die Schweiz. Ein Positionspapier der Stiftung Lilienberg Unternehmerforum<\/strong><\/span><\/a><br \/>Eine hervorragende ungeschminkte Analyse zur dringenden Beschaffung eines Kampfflugzeuges.\u00a0<\/p>\r\n<p><strong><span style=\"color: #ff0000;\"><a style=\"color: #ff0000;\" href=\"http:\/\/forum-flugplatz.ch\/wp-content\/uploads\/2020\/07\/AKK-Zeit-Online.pdf\">Klare Worte der deutschen Verteidigungsministerin Annagret Kram-Karrenbauer<\/a><\/span><\/strong><\/p>\r\n<p><strong><span style=\"color: #ff0000;\"><a style=\"color: #ff0000;\" href=\"http:\/\/forum-flugplatz.ch\/wp-content\/uploads\/2020\/05\/Beurteilung-der-Bedrohungslage.pdf\">J<\/a><a style=\"color: #ff0000;\" href=\"http:\/\/forum-flugplatz.ch\/wp-content\/uploads\/2020\/05\/Beurteilung-der-Bedrohungslage.pdf\">\u00e4hrliche Beurteilung der Bedrohungslage vom 29. April 2020<\/a><br \/><\/span><\/strong>Man ist geneigt zu sagen, dass jeder j\u00e4hrliche Bericht der Vorg\u00e4ngerpublikation \u00e4hnelt wobei die konkreten Schl\u00fcsse f\u00fcr die Schweiz fehlen. Daf\u00fcr passen die Zeilen im letzten Abschnitt (5) zur\u00a0 massgeschneidert zur Ausrichtung der Armee auf die noch verbliebenen \u00abF\u00e4higkeiten\u00bb: <span style=\"color: #ff0000;\">Verlagerung auf die subsidi\u00e4ren Aufgaben<\/span>.<\/p>\r\n<p><strong><span style=\"color: #ff0000;\">Generalversammlung des Forum Flugplatz D\u00fcbendorf \/ Mitgliederbrief:<\/span><br \/>Gesch\u00e4tztes Vereinsmitglied<br \/><\/strong>Soeben komme ich von einem wundersch\u00f6nen Waldspaziergang auf dem nahegelegenen Wangener Berg, inmitten vom zauberhaften Gesang von M\u00f6nchsgrasm\u00fccken, Amseln, Buchfinken, Kohl-, Blau- und Schwanzmeisen, Amseln und dem Ruf eines Waldkauzes zur\u00fcck, mit der festen \u00dcberzeugung mein Immunsystem wieder neu gest\u00e4rkt zu haben. Ein besinnlicher Spaziergang in der Natur wirkt Wunder und dient der Psychohygiene vorallem f\u00fcr jene die auch der Risikogruppe angeh\u00f6ren und t\u00e4glich die Hiobsbotschaften aus aller Welt h\u00f6ren und sehen. Nein, es ist nicht einfach eine normale Grippe wie einige verk\u00fcnden. Dass man je nach Alter und Betroffenheit zu einer anderen Ansicht kommen mag ist verst\u00e4ndlich. Aber das gefl\u00fcgelte Wort der Herdenimmunisierung hat f\u00fcr mich den fahlen Beigeschmack als Letzter in der Reihe doch noch vom heimst\u00fcckischen Virus erwischt zu werden. Aus einer negativen Perspektive betrachtet allerdings zu einem Zeitpunkt, wenn Medikamente wie Propofol und Dormicum (<em>An\u00e4sthetikas<\/em>) und Antibiotikas vergriffen sind. Der Waldspaziergang hilft mir die Problematik aber in einem positiven Licht zu sehen n\u00e4mlich, dass zum gegebenen Zeitpunkt und sei es erst im kommenden Jahr, ein Impfstoff vorhanden sein wird.<br \/>\u00dcber die Herkunft des Virus wird derzeit allerlei geschrieben, gesicherte Studien soll es derzeit noch nicht geben. Vieles weist aber darauf hin, dass in einigen fernen L\u00e4ndern mit dem grausamen Umgang mit Wildtieren ges\u00fcndigt wird. Dass unz\u00e4hlige Lebewesen in ihren nat\u00fcrlichen Lebensr\u00e4umen gejagt oder in Fallen gelockt, unter entsetzlichen Bedingungen gehalten und auf dem Markt \u00a0oft vor den Kunden lebendigen Leibes zerst\u00fcckelt werden. Es gibt dar\u00fcber einige Videoberichte im Internet. Aus meiner bescheidenen Perspektive kann ich das nur so deuten, n\u00e4mlich als Aufschrei und Rache einer gebeutelten Spezies von tierischen Mitbewohnern dieser Erde gegen\u00fcber uns Menschen.<br \/>Liebe Vereinsmitglieder, es bleibt zu hoffen, die aktuellen Pr\u00fcfung mit noch ungewissem Ausgang werde eine heilsame Wirkung entfalten. Der Mensch neigt nur \u00fcber Schmerzen zu lernen. Das n\u00e4chste Info Flash wird sich mit der aktuelle Situation befassen jedoch etwas fokussiert im Zusammenhang mit unserer Armee. Es gibt meines Erachtens bedenkliche und f\u00fcr unsere Landesverteidigung gef\u00e4hrliche Analogien. Nachl\u00e4ssige Lagerhaltung von Schutzmaterial, Ethanol und Medikamenten etc. inkl. Auslagerung von entsprechenden Produktionsstrassen in den Fernen Osten etc. Das n\u00e4chste Forum Info soll sich mit der notwendigen Beschaffung Air2030\/Bodluf befassen. Bereits kommen Stimmen auf, man brauche jetzt das Geld f\u00fcr andere Investitionen als f\u00fcr die Nachr\u00fcstung unserer Armee. Die Abstimmung im September wird in jedem Fall kein Waldspaziergang! \u00a0Den beiliegenden Leserbrief habe ich in der zweiten Woche im M\u00e4rz geschrieben \u2013 ohne Reaktion. Der CdA hat mir eine Antwort zugesichert die bis heute noch nicht eingetroffen ist.\u00a0\u00a0<br \/>Im Wissen, dass ich heute leider nicht alle Mitglieder auf diesem Weg erreichen kann w\u00fcnsche ich Ihnen einen besinnlichen Karfreitag und recht sch\u00f6ne Ostertage. Zu Hause, wer kann im Garten oder eben auf einem Spaziergang in unserer sch\u00f6nen Natur.<br \/>Herzliche Gr\u00fcsse, Peter Bosshard<br \/><span style=\"color: #ff0000;\"><strong>Die geplante Generalversammlung vom 8. Mai wird aus aktuellen Gr\u00fcnden verschoben und voraussichtlich am 16. Oktober stattfinden. Safety first! <\/strong><\/span><\/p>\r\n<p><span style=\"color: #800000;\"><strong><span style=\"color: #000000;\">COVID-19<\/span><br \/>Wie kann mann konstant andere L\u00e4nder kritisieren, wenn man mit dem zweitteuersten Gesundheitswesen der Welt pro Kopf am zweitmeisten Infizierte hat und weder gen\u00fcgend Masken noch gen\u00fcgend Desinfektionsmittel noch gen\u00fcgend medizinisches Material vorweisen kann? Die Schweiz wurde von dieser Pandemie nicht \u00fcberrascht &#8211; nach dem 31. Dezember 2019 hat man mindestens 2 Monate Zeit gehabt, die dringend notwendigen Vorkehrungen zu treffen.<span style=\"color: #ff0000;\"><br \/><a style=\"color: #ff0000;\" href=\"http:\/\/forum-flugplatz.ch\/wp-content\/uploads\/2020\/04\/COVID-19-Zwischenbilanz-Prof-Robert-Vogt.pdf\">Eine Zwischenbilanz von Prof. Dr. med. Paul Robert Vogt<\/a>.\u00a0<\/span><\/strong><\/span><\/p>\r\n<p><span style=\"color: #000000;\"><strong>Leserbrief vom Anfang M\u00e4rz 2020<\/strong><\/span><br \/><a href=\"http:\/\/forum-flugplatz.ch\/wp-content\/uploads\/2020\/04\/avu_2020-03-21-LBx.pdf\"><span style=\"color: #ff0000;\"><strong>Sofortmassnahmen<\/strong><\/span><\/a><\/p>\r\n<p><span style=\"color: #ff0000;\"><strong>Das <a style=\"color: #ff0000;\" href=\"http:\/\/forum-flugplatz.ch\/wp-content\/uploads\/2019\/12\/2019_12_13-Artikel-von-EN-\u00fcber-das-VBS.pdf\">&#8220;Rette sich wer kann&#8221;-Departement<\/a><\/strong>. Artikel von Eva Novak auf www.republik.ch<\/span><\/p>\r\n<p>Am 16. Dezember 2019 j\u00e4hrt sich die letzte Offensive der Deutschen Wehrmacht zum 75-sten Mal. Die Feierlichkeiten zum Gedenken der Gefallenen finden alle 5 Jahre statt wobei der diesj\u00e4hrige Anlass wohl der letzte gr\u00f6ssere Gedenkanlass mit noch ganz wenigen Veteranen gewesen sein mag. <span style=\"color: #ff0000;\"><a style=\"color: #ff0000;\" href=\"http:\/\/forum-flugplatz.ch\/wp-content\/uploads\/2019\/05\/Bastogne-AOG.pdf\">Ein Bericht \u00fcber die 65 Jahrfeier hier<\/a><\/span>.\u00a0 \u00a0<\/p>\r\n<p><span style=\"color: #ff0000;\"><strong>Die<\/strong> <a style=\"color: #ff0000;\" href=\"http:\/\/forum-flugplatz.ch\/wp-content\/uploads\/2019\/10\/Forum-Info-53-G2.pdf\"><strong>neuste Ausgabe Nr. 53 des Forum INFO-NEWS<\/strong><\/a> ist soeben erschienen. Es behandelt u.a. folgende Themen:<\/span><br \/>1. Der Flugzeugtr\u00e4ger CVN76 Ronald Reagan hat fast 3x so viele Flugzeuge an Bord wie die gesamte F\/A-18 Kampflugzeugflotte der Schweizer Luftwaffe.\u00a0<br \/>2. Claude Nicollier zur Beschaffung des neuen Kampfflugzeuges f\u00fcr die Schweizer Luftwaffe.<br \/>3. Frau Bundesr\u00e4tin Viola Amherd im Hybrid-Modus.<br \/>4. Schweizer Billig-Armee f\u00fcr das unwahrscheinlichste Kriegsszenario.<br \/>5. Die neue Publikation &#8220;Unsere Armee einst und jetzt&#8221;.<br \/>6. Die angek\u00fcndigte Zerst\u00f6rung des aviatischen Kulturerbes in D\u00fcbendorf.<br \/>7. Trinity &#8211; der Anfang vom Ende des 2. Weltkrieges im Pazifik. Ein Augenschein vor Ort.<\/p>\r\n<p><span style=\"color: #ff0000;\"><strong>Unsere Armee einst und jetzt<\/strong><\/span><br \/>Die neue 72-seitige Dokumentation \u00fcber die &#8220;Armee einst und jetzt&#8221; stellt die neuste umfassende Zusammenfassung \u00fcber die einzelnen Armeereformen von der Armee 61 bis zur WEA dar. Das sehr interessante Nachschlagewerk gibt einen \u00dcberlick \u00fcber die Reformen unserer Armee bis in die aktuelle Zeit. Sie k\u00f6nnen<br \/>dieses Dokument bei uns bestellen mit einem entsprechenden Mail an <a href=\"mailto:info@forum-flugplatz.ch\">info@forum-flugplatz.ch<\/a>.<\/p>\r\n<p><span style=\"color: #ff0000;\"><strong>Wahlen 2019<\/strong><\/span><br \/>Wie haben bisherige Nationalr\u00e4te vom Kanton Z\u00fcrich zu Armeevorlagen abgestimmt: Zur Wiedereinf\u00fchrung der Gewissenspr\u00fcfung beim Zivildienst, bei der Ausserdienststellung der 12-cm Festungsminenwerfer und bei der Nachr\u00fcstung der F\/A-18 Kampfflugzeuge f\u00fcr Erdkampfeins\u00e4tze? <strong><span style=\"color: #000080;\"><a href=\"http:\/\/forum-flugplatz.ch\/wp-content\/uploads\/2019\/10\/Flyer-01-09_G1.pdf\"><span style=\"color: #ff0000;\">Eine Wahlempfehlung<\/span><\/a><span style=\"color: #ff0000;\">.<\/span><\/span><\/strong><\/p>\r\n<p><span style=\"color: #ff0000;\"><a style=\"color: #ff0000;\" href=\"http:\/\/forum-flugplatz.ch\/wp-content\/uploads\/2019\/06\/Bericht-zur-WEA-2019-06-07.pdf\">Provisorischer Bericht \u00fcber die Umsetzung der Weiterentwicklung der Armee (WEA). Der Bericht ist eine regelrechte Bankrotterkl\u00e4rung des VBS \u00fcber den Zustand unserer Landesverteidigung. Er best\u00e4tigt unsere Bef\u00fcrchtungen seit Aufgleisung der WEA. Unsere Armee kann im Krisenfall den Schutz unserer Bev\u00f6lkerung nicht mehr sichersellen! <\/a><\/span><\/p>\r\n<p>Die Bodentruppen der Armee sollen st\u00e4rker auf ein Konfliktbild ausgerichtet werden, das sich st\u00e4ndig und rasch ver\u00e4ndert. Zu diesem Zweck braucht es eine Ausr\u00fcstung, die auf mobile und modular einsetzbare Einsatzverb\u00e4nde ausgerichtet ist. Diesen Richtungsentscheid zur l\u00e4ngerfristigen Ausrichtung der Bodentruppen hat der Bundesrat in seiner Sitzung vom 15. Mai 2019 gef\u00e4llt. Dem Entscheid liegt ein Bericht des VBS \u00fcber die Zukunft der Bodentruppen zugrunde. <span style=\"color: #ff0000;\">Nach Beurteilung von Armeeexperten sind wesentliche Teile des Berichtes \u201eBodentruppen\u201c einer anonymen \u201eExpertengruppe\u201c staatsrechtlich (BV, MG, AO), sicherheitspolitisch, milit\u00e4rstrategisch, wehrtechnisch und bez\u00fcglich Armeefinanzen ungen\u00fcgend. Die Art und Weise des Zustandekommens \u2013 offenbar ohne Beizug der Miliz \u2013 sowie Inhalt und Tragweite dieses voreiligen bundesr\u00e4tlichen \u201eRichtungsentscheides\u201c sind absolut inakzeptabel. Insbesondere ist das Parlament bisher v\u00f6llig vernachl\u00e4ssigt worden. Affaire \u00e0 suivre! <strong><a href=\"http:\/\/forum-flugplatz.ch\/wp-content\/uploads\/2019\/06\/Bericht-Bodentruppen-56947.pdf\"><span style=\"color: #ff0000;\">Hier der Bericht<\/span><\/a> im PDF-Format.<\/strong><\/span> \u00a0\u00a0\u00a0\u00a0<\/p>\r\n<p><a href=\"http:\/\/forum-flugplatz.ch\/wp-content\/uploads\/2019\/05\/Bastogne-AOG.pdf\"><strong><span style=\"color: #ff0000;\">My Name is Patton<\/span><\/strong><\/a> &#8211; ein Artikel in der Publikation der Allgemeinen Offiziersgesellschaft, der noch heute, 10 Jahre nach der Publikation eine gewisse Aktualit\u00e4t besitzt.<\/p>\r\n<p><strong><span style=\"color: #ff0000;\"><a style=\"color: #ff0000;\" href=\"http:\/\/forum-flugplatz.ch\/wp-content\/uploads\/2016\/05\/SIL-Eingabe.pdf\">Eingabe Sachplan Infrastruktur Luftfahrt, Objektblatt D\u00fcbendorf<\/a><br \/><\/span><\/strong><\/p>\r\n<p><a href=\"http:\/\/forum-flugplatz.ch\/wp-content\/uploads\/2016\/05\/SPM-Eingabe.pdf\"><span style=\"color: #ff0000;\"><strong>Eingabe Sachplan Milit\u00e4r, Objektblatt D\u00fcbendorf<\/strong><\/span><\/a><\/p>\r\n<p><a href=\"http:\/\/forum-flugplatz.ch\/wp-content\/uploads\/2019\/05\/Stellungnahme-Teilrevision080419.pdf\"><span style=\"color: #ff0000;\"><strong><span style=\"color: #0000ff;\">Stellungnahme von Cla Semadeni zum Entwurf der Teilrevision 2018 des kantonalen Richtplans<\/span><\/strong><\/span><\/a><\/p>\r\n<p><strong><span style=\"color: #ff0000;\"><a style=\"color: #ff0000;\" href=\"http:\/\/forum-flugplatz.ch\/wp-content\/uploads\/2019\/03\/Forum-Info-Nr52-1.pdf\">Das soeben erschienene Forum-Info Nr. 52 mit brisanten Beitr\u00e4gen<\/a><br \/><\/span><\/strong>Die Stimmung ist im Keller, das Entsetzen und die Emp\u00f6rung \u00fcber gewisse Vorg\u00e4nge im\u00a0Berner\u00a0Pentagon ist mit H\u00e4nden zu greifen. Der Frust dreht sich\u00a0 im Kreis bis zur Resignation als vermeintlich letzten Ausweg aus der vom VBS und Parlament verbockten Situation. Mit diesem Eindruck geht man nach einer engagiert gef\u00fchrten Diskussion unter Armeefreunden nachdenklich und ratlos auf den Heimweg.\u00a0 Befeuert und gen\u00e4hrt wird die Befindlichkeit durch eklatante Fehlentscheidungen in der Armeef\u00fchrung, unverst\u00e4ndlichen Verschrottungsaktionen (Festungsminenwerfer, Panzer, Haubitzen, die Zerschlagung von wertvollen Infrastrukturen,\u00a0etc.) und millionenschweren Spesenabrechnungen. Obendrauf tr\u00e4gt eine gigantische Veranstaltung mit einer pers\u00f6nlichen Medaillen-Bereicherung zum bereits vergifteten Klima bei. H\u00f6hepunkt des psychologischen Unverm\u00f6gens dann noch die Desavouierung der eigenen Anh\u00e4ngerschaft, insbesondere der SOG und Sch\u00fctzenvereine mit einer unbedachten \u00c4usserung zum Waffengesetz. Noch effizienter und\u00a0nachhaltiger\u00a0kann man seine Mitstreiter, auf die unsere Armeef\u00fchrung im Hinblick auf kommende Abstimmungen (Air2030) angewiesen ist, nicht\u00a0demotivieren!<\/p>\r\n<p><strong><span style=\"color: #ff0000;\"><a style=\"color: #ff0000;\" href=\"http:\/\/forum-flugplatz.ch\/wp-content\/uploads\/2019\/03\/Forum-Info-Nr52-Strategische-Entwaffnung-1.pdf\">Die Strategische Entwaffnung der Schweiz zugunsten von EU und Nato. Eine verdeckte Agenda der Schweizerischen Aussen- und Sicherheitspolitik?<\/a><\/span><\/strong><\/p>\r\n<p><a href=\"http:\/\/forum-flugplatz.ch\/wp-content\/uploads\/2019\/04\/positionspapier_chgstb_2019.pdf\"><strong><span style=\"color: #ff0000;\">Der Oesterreichische Chef des Generalstabes, Generalmajor Robert Brieger, spricht im Positionspapier zur Landesverteidigung Klartext und fordert 2% des BIP f\u00fcr die Armee. Lesen Sie dieses bemerkenswerte Papier. Haben wir in der Schweiz eine vergleichbare Pers\u00f6nlichkeit in der Armeef\u00fchrung?<\/span><\/strong><\/a><\/p>\r\n<p><a href=\"http:\/\/forum-flugplatz.ch\/wp-content\/uploads\/2019\/03\/Communique-AWM-NEIN-zur-EU-Waffenrichtlinie.pdf\"><span style=\"color: #ff0000;\"><strong>Milizverb\u00e4nde geschlossen gegen EU-Waffenrecht<\/strong><\/span><\/a><br \/>Die in der Arbeitsgemeinschaft f\u00fcr eine wirksame und friedenssichernde Mi-lizarmee (AWM) zusammengeschlossenen Milizorganisationen (das Forum Flugplatz D\u00fcbendorf geh\u00f6rt seit 1990 der AWM an) der Schweiz sprechen sich gegen den Bundesbeschluss zur Umsetzung der EU-Waffenrichtlinie aus. Die <a href=\"http:\/\/forum-flugplatz.ch\/wp-content\/uploads\/2019\/03\/AWM-Waffengesetz.pdf\"><span style=\"color: #ff0000;\">Gesetzes\u00e4nderung bringt keinerlei Nutzen<\/span><\/a>, sie unterh\u00f6hlt die Wehrform der Miliz und r\u00fcttelt an unseren freiheitlichen Grund-werten und Grundfreiheiten. <strong>Die Milizorganisationen empfehlen daher, am 19. Mai ein NEIN in die Urne einzulegen.<\/strong><\/p>\r\n<p><em>Hervorragende Analyse, haarscharf und ohne Schn\u00f6rkel wird der aktuelle Zustand unserer einst stolzen Armee auf den Punkt gebracht! Der hausgemachte Niedergang unserer Landesverteidigung, der nach dem Fall der Mauer systematisch eingeleitet wurde, hat ihre Wurzeln im VBS selbst. Was heute von der \u201cKanzel\u201d herab dem Volk aufgetischt wird, dient nur noch der T\u00e4uschung und Vertuschung. Das Volk wiegt sich dadurch leider in v\u00f6llig falscher Sicherheit.<br \/>Es muss die Frage gestellt werden, ob es denn noch Sinn macht, die Luftwaffe zu erneuern in Anbetracht des desolaten Zustandes unserer Landesverteidigung, dessen Heer gar nicht mehr in der Lage ist, den verfassungsm\u00e4ssigen Auftrag weder materiell noch personell erf\u00fcllen zu k\u00f6nnen? Doch lesen Sie die nachfolgenden Zeilen eines Generalstabsoffizier und klicken Sie den Text f\u00fcr den Download an.<br \/><\/em><\/p>\r\n<p><a href=\"http:\/\/forum-flugplatz.ch\/wp-content\/uploads\/2019\/01\/Totes-Pferd.pdf\"><span style=\"color: #ff0000;\"><span style=\"color: #000080;\"><span style=\"color: #ff0000;\"><strong>Die gr\u00f6sste Bedrohung der Schweizer Milizarmee sitzt mitten drin und r\u00fchmt sich, die Armee modernisiert und \u2018weiterentwickelt\u2019 zu haben. <\/strong><\/span><\/span><span style=\"color: #000080;\">Wer hat nun diesen Zustand \u201cverbockt\u201d und tr\u00e4gt damit die Hauptverantwortung? Das VBS \u2013 also der Verwaltungsteil der Armee! Alle Reformen wurden massgeblich nach den W\u00fcnschen und \u201cAnalysen\u201d des VBS\u2019 konzipiert. Bundesrat und Parlament haben sich einlullen lassen und es verpasst, rechtzeitig den Riegel zu schieben.\u00a0 Von wo kam die Vorgabe mit 100\u2019000 AdA? <u>Vom VBS.<\/u> Wer beantragt die Ausserdienststellung von Volksverm\u00f6gen (z.B. 12cm Fest Mw)? <u>Das VBS! <\/u>Wer glaubte, dass die Anzahl Diensttage reduziert werden kann und muss nun mit Unterbest\u00e4nden auskommen? <\/span><u><\/u><\/span><\/a><\/p>\r\n<p><a href=\"http:\/\/forum-flugplatz.ch\/wp-content\/uploads\/2019\/01\/Totes-Pferd.pdf\"><span style=\"color: #ff0000;\"><u><span style=\"color: #000080;\">Das VBS!\u00a0<\/span> <\/u><\/span><\/a><a href=\"http:\/\/unbequemefragen.ch\/?p=1312\"><span style=\"color: #ff0000;\"><u><span style=\"color: #000000;\">http:\/\/unbequemefragen.ch\/?p=1312<\/span><\/u><\/span><\/a><\/p>\r\n<p><span style=\"color: #000000;\"><a style=\"color: #000000;\" href=\"http:\/\/unbequemefragen.ch\/?p=1312\"><em>Die Einsch\u00e4tzung von Markus M. M\u00fcller, Generalstabsoffizier wird mit weiteren Kommentaren im n\u00e4chsten Forum Info Nr. 52 publiziert.<\/em> <\/a><\/span><\/p>\r\n<p><span style=\"color: #ff0000;\"><strong><a href=\"http:\/\/forum-flugplatz.ch\/wp-content\/uploads\/2019\/01\/Die-Armee-BD.pdf\"><span style=\"color: #ff0000;\">Die Armee, eine Illusion und Selbst\u00fcbersch\u00e4tzung! Klartext von Beda D\u00fcggelin<\/span><\/a><br \/><\/strong><\/span>Die Armee muss vermehrt auf die Frauen hoffen, so der Titel in der NZZ. Glaube, Hoffnung und Liebe, so steht es schon im 1. Korinther-Brief und dies gilt sprichw\u00f6rtlich auch f\u00fcr die Zukunft unserer Armee. Aber damit ist noch nichts gewonnen! Gut ausgebildete Soldatinnen werden in einer sich modernisierenden Armee immer wertvoller. Frauen k\u00f6nnten mithelfen, den Personalbestand der Armee zu sichern. Lesen Sie weiter durch anklicken der \u00dcberschrift.<\/p>\r\n<p><a href=\"http:\/\/forum-flugplatz.ch\/wp-content\/uploads\/2018\/12\/Sie-muesste-einige-Generaele-absetzen.pdf\"><span style=\"color: #800000;\"><strong><span style=\"color: #ff0000;\">Sie m\u00fcsste einige Gener\u00e4le absetzen<\/span><\/strong><\/span><\/a><br \/>Armee VBS-Insider sind \u00fcberzeugt, dass Bundesr\u00e4tin Viola Amherd Exempel statuieren muss, wenn sie Erfolg haben will.<\/p>\r\n<p><a href=\"http:\/\/forum-flugplatz.ch\/wp-content\/uploads\/2018\/12\/MM-Hochrisikoprojekt-IPZ.pdf\"><span style=\"color: #ff0000;\"><strong>Medienmitteilung zum Hochrisikoprojekt &#8220;Innovationspark Z\u00fcrich&#8221;<\/strong><\/span><\/a><br \/>Das Forum Flugplatz D\u00fcbendorf (FFD) hat von der Medienkonferenz des Regierungsrates Kenntnis genommen und den Antrag des Regierungsrates vom 7. November 2018 an den Kantonsrat \u201e<em>\u00fcber die Bewilligung eines Verpflichtungskredits f\u00fcr den Innovationspark Z\u00fcrich von 217 Mio. Franken<\/em>\u201c beraten. Das Forum erwartet, dass der Regierungsrat den Antrag an den Kantonsrat vom 7. November 2018 zur\u00fcckzieht, den Betrieb des IPZ im Startperimhttp:\/\/forum-flugplatz.ch\/wp-content\/uploads\/2018\/12\/MM-Hochrisikoprojekt-IPZ.pdfeter einstellt und die Stiftung Innovationspark Z\u00fcrich aufl\u00f6st sowie dass der Regierungsrat von der Weiterverfolgung des IPZ-Projektes absieht, bis ein entsprechendes kantonales Gesetz in Kraft tritt.<\/p>\r\n<p><a href=\"http:\/\/forum-flugplatz.ch\/wp-content\/uploads\/2018\/10\/GPK-NR-Ereignisse-rund-um-den-Oberfeldarzt-der-Armee-Bericht-12.-Oktober-2018.pdf\"><strong><span style=\"color: #ff0000;\">Die Voreilige Verurteilung des Oberfeldarztes<\/span><\/strong><\/a><br \/>Die Kommission m\u00f6chte an dieser Stelle auch auf ihre Bedenken im Hinblick auf die k\u00fcnftige Zusammenarbeit der von den Untersuchungen betroffenen Personen in der Armeef\u00fchrung untereinander hinweisen. Diese warfen sich im Rahmen der Untersuchung gegenseitig verschiedenste Vers\u00e4umnisse oder inkorrektes Verhalten vor, wobei sich die Vorw\u00fcrfe in den meisten F\u00e4llen nicht best\u00e4tigten. <strong>Die Kommission erwartet vom Vorsteher des VBS und von der Armeef\u00fchrung, dass diese ihre F\u00fchrungsverantwortung wahrnehmen und sicherstellen, dass die betroffenen Personen k\u00fcnftig konstruktiv zusammenarbeiten.\u00a0<\/strong><\/p>\r\n<p>Mitteilung des Schweizerischen Unteroffiziersverbands zur Umsetzung der EU-Waffenrichtlinie: <span style=\"color: #ff0000;\"><strong><a href=\"http:\/\/forum-flugplatz.ch\/wp-content\/uploads\/2018\/10\/SUOV-unterstuetzt-Referendum-gegen-Waffengesetz.pdf\"><span style=\"color: #ff0000;\">Der SUOV unterst\u00fctzt das Referendum gegen das Waffengesetz.<\/span><\/a><br \/><a href=\"http:\/\/forum-flugplatz.ch\/wp-content\/uploads\/2018\/10\/unterschriftenbogen-de.pdf\"><span style=\"color: #000080;\">Unterschriftenbogen hier runterladen.<\/span><\/a><br \/><\/strong><\/span><\/p>\r\n<p><a href=\"http:\/\/forum-flugplatz.ch\/wp-content\/uploads\/2018\/09\/Vernehmlassungsantwort_Gruppe_GIARDINO-Planungsbeschluss_21_Sept_2018.pdf\"><span style=\"color: #ff0000;\"><strong>Hervorragende Vernehmlassungsantwort der Gruppe Giardino zum Planungsbeschluss<\/strong><\/span><\/a><\/p>\r\n<p><span style=\"color: #ff0000;\"><strong><a href=\"http:\/\/forum-flugplatz.ch\/wp-content\/uploads\/2018\/10\/Info-51.pdf\"><span style=\"color: #ff0000;\">Das neue Forum Info Nr. 51 ist soeben ersch<\/span><\/a><\/strong><\/span><span style=\"color: #ff0000;\"><strong><a href=\"http:\/\/forum-flugplatz.ch\/wp-content\/uploads\/2018\/09\/Info-51-1.pdf\"><span style=\"color: #ff0000;\">ienen<\/span><\/a>. <\/strong><span style=\"color: #000000;\">Es enth\u00e4lt\u00a0 interessante Informationen \u00fcber <strong>die fatalen Entwicklungen rund um unsere Landesverteidigung<\/strong>. Unter anderem einen <strong>Mailverkehr mit einer Nationalr\u00e4tin<\/strong> der Sicherheitspolitischen Kommission, einen Gastbeitrag \u00fcber <strong>die Milizarmee &#8211; Quo Vadis<\/strong>, \u00fcber die <strong>fehlenden materiellen und personellen Ressourcen f\u00fcr das Sch\u00fctzen von wichtigen Infrastrukturen im Kanton Z\u00fcrich<\/strong>, eine <strong>armeepolitische Auslegeordnung der Gruppe Giardino<\/strong>, \u00fcber die <strong>Fehlplanungen auf dem Flugplatz D\u00fcbendorf betr. Innovationspark<\/strong>, die <strong>unn\u00f6tige Zw\u00e4ngerei der Anrainergemeinden auf Kosten der Steuerzahler<\/strong>, und nat\u00fcrlich <strong>Fakten zur Liquidations der Festungsminenwerfer<\/strong>.\u00a0 \u00a0 <\/span><\/span><\/p>\r\n<p><span style=\"color: #ff0000;\"><strong>Der M\u00f6rser 16 ist eine Fehlentwicklung der eigenen R\u00fcstungsindustrie und trotzdem wurde er beschafft obwohl ein ebenfalls evaluiertes Produkt massiv \u00fcberlegen war<\/strong><\/span>. Lesen Sie den beachtenswerten <strong><span style=\"color: #ff0000;\"><a style=\"color: #ff0000;\" href=\"http:\/\/forum-flugplatz.ch\/wp-content\/uploads\/2018\/09\/Moerser16-Skandal.pdf\">Artikel der Basler Zeitung<\/a><\/span><\/strong> vom 9. Sept. 2018, der in Kreisen der Bef\u00fcrworter einer glaubw\u00fcrdigen Armee f\u00fcr betr\u00e4chtliches Kopfsch\u00fctteln sorgt.<\/p>\r\n<p><span style=\"color: #ff0000;\"><strong>&#8220;Viele in Bern l\u00fcgen das Volk an&#8221;. Der Skandal um die Revision des DURO&#8217;s.<\/strong> <\/span><br \/><span style=\"color: #ff0000;\"><strong><a style=\"color: #ff0000;\" href=\"http:\/\/forum-flugplatz.ch\/wp-content\/uploads\/2018\/09\/Duro-Skandal.pdf\">Ein sehr interessanter Artikel<\/a><\/strong><\/span>, erschienen im Glattaler vom 1.Juni 2018 zeigt auf, wie das unwissende Volk mit falschen Angaben betr. der horrenden Kosten (550 Millionen) f\u00fcr die Revision des DUORO&#8217;s schlicht hintergangen wird. \u00a0<\/p>\r\n<p><span style=\"color: #ff0000;\"><strong>Der Nationalrat hat am 13. September 2018 mit 114 gegen 67 Stimmen der Liquidierung der wertvollen Festungsminenwerfer zugestimmt!<\/strong><\/span><br \/>Besser kann sich die Armeef\u00fchrung im Hinblick auf das Air2030 Projekt nicht ins eigene Knie schiessen! Der erneute Schildb\u00fcrgerstreich, die Festungsminenwerfer auf Geheiss der Armeef\u00fchrung, dem VBS Chef und seinem Einfl\u00fcsterer Kkdt D. Andrey, zu liquidieren, er\u00f6ffnet ein weiteres Kapitel hin zur Abschaffung unserer Armee! Nun ist jeder Franken, der in eine unglaubw\u00fcrdige Armee gesteckt wird, einer zuviel, wir k\u00f6nnen getrost aufh\u00f6ren damit! Der Meccano findet seine Best\u00e4tigung: Die Armeef\u00fchrung empfiehlt dem Bundesrat und Parlament ohne Not die Vernichtung und Liquidation von Armeematerial. Dem Kadavergehorsam gleich und wider besseres Wissens wird der Auftrag ausgef\u00fchrt. Danach versteckt sich die Armeef\u00fchrung feige hinter dem Primat der Politik! Wann wird dieser ungeheure und feige Vorgang einmal publikumswirksam aufgedeckt und das tumbe Volk umfassend informiert? Gleiches gilt f\u00fcr die uns\u00e4glichen Schummeleien mit der R\u00fcstung, siehe M\u00f6rserbeschaffung 16, das abgekartete Spiel um den DURO etc. Zur Glaubw\u00fcrdigkeit geh\u00f6ren Ehrlichkeit und Transparenz und gerade hierbei wird fahrl\u00e4ssig gefrevelt. Das Vertrauen in unsere Armeef\u00fchrung ist leider vollends verloren gegangen! <a href=\"http:\/\/forum-flugplatz.ch\/wp-content\/uploads\/2018\/09\/NR-Abstimmung-vom-13-09-2018-vote_50_17434.pdf\"><span style=\"color: #ff0000;\"><strong>Wer hat im Nationalrat wie abgestimmt?<\/strong><\/span><\/a><\/p>\r\n<p><span style=\"color: #ff0000;\"><strong>Die Liquidation der Festungsminenwerfer \/ siehe\u00a0 <a href=\"http:\/\/forum-flugplatz.ch\/wp-content\/uploads\/2018\/09\/Info-51-FMWx.pdf\">Brief an die Parlamentarier<\/a> \/ <a href=\"http:\/\/forum-flugplatz.ch\/wp-content\/uploads\/2018\/09\/Info-51-FMWx.pdf\">FAKTENBLATT mit Wirkungsr\u00e4umen<\/a><br \/><\/strong><\/span>Am 13. September 2018 f\u00e4llte der Nationalrat einen schwerwiegenden Liquidationsentscheid. Leider ist in der Schweiz im Unterschied zu anderen europ\u00e4ischen L\u00e4ndern die irrige Meinung weit verbreitet, dass es in <span style=\"color: #ff0000;\"><strong>*<\/strong><strong>Zentraleuropa keine milit\u00e4rischen Auseinandersetzungen zwischen Bodentruppen mehr geben werde<\/strong><strong>*<\/strong><\/span> \u2013 jedenfalls keine, welche die Schweiz tangieren w\u00fcrden. Und das vor dem Hintergrund, dass sich die milit\u00e4rische Lage in Europa seit einigen Jahren verschlechtert hat. Beim Glauben, f\u00fcr die Schweiz sei der ewige Friede angebrochen, handelt es sich um eine naive Vorstellung, welche im Widerspruch zu den historischen Erfahrungen steht und grauenhafte Folgen haben kann. Besonders bedenklich ist, dass die zahlreichen Mitglieder der Armeef\u00fchrung schweigen und vor einer weiteren Entwaffnung unseres Landes nicht warnen. Die \u00fcber hundert 12 cm-Festungsminenwerfer sind auch in der WEA kein veraltetes, sondern ein \u00e4usserst n\u00fctzliches, schlagkr\u00e4ftiges Waffensystem, das mit einer Investition von einer Milliarde Franken installiert wurden und mit ihren Doppelm\u00f6rsern in einem Umkreis von 360 Grad\u00a0 \u00e4usserst effizient auf die wichtigsten Achsen und Grenzr\u00e4ume einwirken kann. Auch in unserer n\u00e4chster Umgebung steht ein solcher Monoblock, der in einem handstreichartigen Besetzungsfall wirkungsvoll und verzugslos auf die Flugpl\u00e4tze Z\u00fcrich-Kloten und D\u00fcbendorf einwirken kann. Bekanntlich wurde vor Jahren das Flugplatzregiment aufgel\u00f6st.<br \/>Die Liquidation w\u00e4re eine nicht zu rechtfertigende Vernichtung fertig gebauter Sicherheit und eine gigantische Verschleuderung von investierten Steuergeldern. Sollte sich das Parlament f\u00fcr eine Liquidation entscheiden dann k\u00f6nnte man &#8211; <strong><span style=\"color: #ff0000;\">siehe *<\/span><\/strong> &#8211; ebenso auf die Investition f\u00fcr ein neues Kampfflugzeug und BODLUV 2030 verzichten. Dann w\u00e4ren wir definitiv dort angelangt, wohin die notorischen Armeeabschaffer schon l\u00e4ngst hinwollten! Siehe Artikel ASMZ: <a href=\"http:\/\/forum-flugplatz.ch\/wp-content\/uploads\/2018\/08\/ASMZ-Sept-2018-Fest-Mw.pdf\"><span style=\"color: #ff0000;\">Tiefe Bereitschaft oder Ausserdienststellung?<\/span><\/a><\/p>\r\n<p><a href=\"http:\/\/forum-flugplatz.ch\/wp-content\/uploads\/2018\/06\/Forum_Flpl_DUB_25_Mai_2018.pdf\"><span style=\"color: #ff0000;\"><strong>Der Pr\u00e4sident der Gruppe-Giardino, Willi Vollenweider, anl\u00e4sslich der Generalversammlung des Forums Flugplatz am 25. Mai 2018<\/strong><\/span><\/a><\/p>\r\n<p><span style=\"color: #ff0000;\"><strong><a href=\"http:\/\/forum-flugplatz.ch\/wp-content\/uploads\/2018\/06\/Position-der-Gruppe-Giardino.pdf\"><span style=\"color: #ff0000;\">Position der Gruppe Giardino<\/span><\/a><\/strong><\/span><\/p>\r\n<p><strong><a href=\"http:\/\/forum-flugplatz.ch\/wp-content\/uploads\/2018\/05\/SS2018.pdf\"><span style=\"color: #ff0000;\">ETH-Sicherheits-Studie 2018<\/span><\/a><br \/><\/strong>Kommentar von Beda D\u00fcggelin: Gegen\u00fcber der Schweizer Armee ist die Bev\u00f6lkerung positiv eingestellt. TEAM, &#8220;Toll Ein Anderer Macht&#8217;s&#8221;, den Milit\u00e4rdienst nat\u00fcrlich. Man kann sehr wohl positiv eingestellt sein, wenn man keinen eigenen Beitrag leisten muss! Aber dies sagt nichts \u00fcber die Bereitschaft aus, sich im Ernstfall f\u00fcr das Land einzusetzen. Mit 81% wird der Notwendigkeit der Schweizer Armee \u00fcberdurchschnittlich stark zugestimmt. Das Milit\u00e4r spielt f\u00fcr 43% der Befragten eine zentrale Rolle im schweizerischen Leben. <span style=\"color: #ff0000;\"><strong>So super sind also diese Zahlen auch wieder nicht!<span style=\"color: #ff0000;\">&#8230; Mit 43 % der Befragten haben sich<\/span><\/strong><\/span> <span style=\"color: #ff0000;\"><strong>ja bereits mehr als die H\u00e4lfte von der Armee abgewandt.<\/strong><\/span> M<strong>it dieser Studie wird der Schweizer <\/strong><strong>Bev\u00f6lkerung Jahr f\u00fcr Jahr wieder Sand in die Augen gestreut,<\/strong> auch wenn man dem Verfasser keine unbedarfte Gesinnung unterstellen kann. Er erh\u00e4lt den Auftrag und f\u00fchrt ihn aus; selbst mit 1200 Stimmb\u00fcrgern ist das Resultat alles andere als repr\u00e4sentativ. Schliesslich kommt es auch auf die Fragestellung an. Es w\u00e4re Zeit, dass die Fragen nicht l\u00e4nger eint\u00f6nig und ohne Gesamtzusammenhang gestellt w\u00fcrden. Es ist ja klar, dass die Schweizer im internationalen Quervergleich sich \u00fcbergl\u00fccklich sch\u00e4tzen d\u00fcrfen, Schweizer zu sein. Bei der Schweizer Stimmbev\u00f6lkerung geniesst die Neutralit\u00e4t auch 2018 grossen R\u00fcckhalt. Das d\u00fcrfte insbesondere die SVP in Bezug auf die Abstimmung \u00fcber die Selbstbestimmungs-Initiative freuen!<\/p>\r\n<p><strong><span style=\"color: #ff0000;\"><a href=\"http:\/\/forum-flugplatz.ch\/wp-content\/uploads\/2016\/05\/Info-50.pdf\"><span style=\"color: #ff0000;\">Forum Info Nr. 50<\/span><\/a><br \/><\/span><\/strong><span style=\"color: #ff0000;\"><span style=\"color: #000000;\">Neuste Ausgabe mit interessanten Beitr\u00e4gen von Prof. Dr. Albert Stahel: &#8220;Gewollter Niedergang der Schweizer Armee&#8221; und Peter Schneider, Oberst I Gst aD,\u00a0 Vizepr\u00e4sident von Pro Militia: Die Schweizer Luftwaffe von 1970.2017 \/ Geschichte eines Sinkfluges&#8221; sowie weiteren Artikeln.<\/span><\/span><\/p>\r\n<p><strong><span style=\"color: #ff0000;\">Vorsicht vor Beh\u00f6rdenpropaganda und Schalmeien<br \/><\/span><\/strong>Mit penetranten T\u00e4uschungsman\u00f6vern versuchen Stadt- und Gemeindevertreter der Flugplatz-Anrainergemeinden dem Volk k\u00fcbelweise Sand in die Augen zu streuen, indem sie verk\u00fcnden, das Projekt \u00abHistorischer Flugplatz D\u00fcbendorf mit Werkfl\u00fcgen\u00bb stelle die L\u00f6sung des gordischen Knotens um die k\u00fcnftige aviatische Nutzung unseres Flugplatzes dar. Dem kritischen Beobachter stellt sich hierbei die Frage, wer da wohl hinter diesen Interessen steht und geht es tats\u00e4chlich um das Wohl der B\u00fcrger, die am 26. November befragt werden sollen?<br \/>Dem ist leider nicht so. Dahinter stehen die Stadt- und Gemeindepr\u00e4sidenten der Anrainergemeinden, allen voran L. Zi\u00f6rjen von der BDP-Auslaufpartei, die einst jeglichen Flugverkehr auf dem Flugplatz bek\u00e4mpft und die Schliessung des Flugplatzes verlangt haben und jetzt pl\u00f6tzlich die Chance sehen, den Flugplatz mit Steuergeldern (\u00dcbernahme eines j\u00e4hrlichen Defizites von 1.3 Mio Franken) in eigener Regie betreiben zu k\u00f6nnen. Und das ausgerechnet in Zusammenarbeit mit jener Betreiberfirma, die in der Ausmarchung um den Erhalt der Betriebskonzession damals vom Bundesamt f\u00fcr Zivilluftfahrt faktisch disqualifiziert wurde und zwischenzeitlich klammheimlich den Unterhaltsbetrieb der Motorfluggruppe Z\u00fcrich nach D\u00fcbendorf holte. Und als Startkapital soll die Bev\u00f6lkerung gleich noch zwei Millionen Franken als Aktienkapital einschiessen. F\u00fcr wie glaubw\u00fcrdig halten sich eigentlich Volksvertreter, die nicht einmal Willens sind, den vollst\u00e4ndigen Businessplan ihres Projektes \u00f6ffentlich zug\u00e4nglich zu machen? Was sind das f\u00fcr Volksvertreter, die das Volk \u00fcber die zivilaviatische Nutzung abstimmen lassen und handkehrum die Umzonung f\u00fcr das Zubetonierungsprojekt \u00abInnovationspark\u00bb am Volk vorbeischmuggeln wollten!<br \/><strong>Mit Speck f\u00e4ngt man M\u00e4use<br \/><\/strong>Und nun f\u00fchlen sich auch noch pot. Investoren berufen, mit plumpen Schalmeienkl\u00e4ngen die Werbetrommel f\u00fcr ihre privaten Gesch\u00e4ftsmodelle zu r\u00fchren. Als K\u00f6der dient die unverbindliche Absicht, 50% des prognostizierten Betriebsdefizits zu \u00fcbernehmen. Aber was, wenn das Defizit weitaus h\u00f6her ausfallen wird? Ist dann die Nomad immer noch bereit und in der Lage, dieses Defizit zu tragen und was geschieht, wenn sich die Visionen der in der Businessaviatik t\u00e4tigen Nomad nicht erf\u00fcllen? Dann haben die Steuerzahler mit diesem Ankermieter ein riesiges Klumpenrisiko! \u00a0<\/p>\r\n<p>Max. 20&#8217;000 Flugbewegungen sollen es nach den Anrainergemeinden sein. Das sind sehr teure 8600 weniger als das breiter und seri\u00f6ser abgest\u00fctzte Projekt der FDAG. Und pikant: Platzrunden mit Flugzeugen die Schulungszwecken dienen (Voltentraining), werden im ach so klugen Projekt \u00abHistorischer Flugplatz D\u00fcbendorf mit Werkfl\u00fcgen\u00bb gleich mitgeliefert, samt dem Serien-Nachbau der Junker F13, der mit seinem un\u00fcberh\u00f6rbaren \u00abKnatterton\u00bb wohl der h\u00f6chsten L\u00e4rmkategorie angeh\u00f6rt. Da kann man nur sagen: Prost Gemeinde, Vorsicht vor Beh\u00f6rdenpropaganda und Schalmeien!<\/p>\r\n<p><strong><span style=\"color: #ff0000;\"><a href=\"http:\/\/forum-flugplatz.ch\/wp-content\/uploads\/2016\/05\/Unglaubwuerdige-Lokalpolitiker.pdf\"><span style=\"color: #ff0000;\">Unglaubwuerdige Lokalpolitiker<\/span><\/a><br \/><\/span><\/strong><a href=\"http:\/\/forum-flugplatz.ch\/wp-content\/uploads\/2016\/05\/Unglaubwuerdige-Lokalpolitiker.pdf\"><span style=\"color: #000000;\">An der letzten Gemeinderatssitzung&#8230;(Artikel von Gemeinderat Orlando Wyss)<\/span><\/a><\/p>\r\n<p><strong><a href=\"http:\/\/forum-flugplatz.ch\/wp-content\/uploads\/2016\/05\/Carmen-Walker-Spaeh-Referendum-1.pdf\"><span style=\"color: #ff0000;\">Carmen Walker Spaeh Referendum<\/span><\/a><br \/><\/strong><strong>Innovationspark D\u00fcbendorf: Beh\u00f6rdenpropaganda? &#8211; Urteilen Sie selbst!<\/strong><br \/>Gegen die Teilrevision Nutzungsplanung und Teilrevision kommunaler Richtplan zum Flugplatzrand Nord ist in D\u00fcbendorf bekanntlich das Beh\u00f6rdenreferendum zustande gekommen. Dies hat zur Folge, dass sich nun wenigstens die Stimmberechtigten der Stadt D\u00fcbendorf anl\u00e4sslich einer schon l\u00e4ngst \u00fcberf\u00e4lligen Volksabstimmung zu dem auf dem Flugplatzgel\u00e4nde geplanten Innovationspark \u00e4ussern k\u00f6nnen. Dass dies bei Pers\u00f6nlichkeiten, welche die Interessen der Stiftung Innovation Switzerland Park Z\u00fcrich vertreten nicht eitel Freude ausl\u00f6st, war zu erwarten. Dass jetzt aber die Stiftungspr\u00e4sidentin Carmen Walker Sp\u00e4h, welche das Amt einer Regierungsr\u00e4tin des Kantons Z\u00fcrich bekleidet, in den Abstimmungskampf eingreift wirft schon Fragen auf. Ein Skandal, doch lesen Sie selbst den oben aufgef\u00fchrten Artikel.<br \/><a href=\"http:\/\/forum-flugplatz.ch\/wp-content\/uploads\/2016\/05\/Brief-CWS.pdf\"><span style=\"color: #333399;\"><strong>Hier der Brief der Stiftungspr\u00e4sidentin<\/strong> <\/span><\/a><\/p>\r\n<p><a href=\"http:\/\/forum-flugplatz.ch\/wp-content\/uploads\/2016\/09\/Armee-WEA2-und_jetzt-wird-weiter-gewurstelt-VBS-Lernunfaehig.pdf\"><strong><span style=\"color: #ff0000;\">Armee WEA und jetzt wird weiter gewurstelt &#8211; VBS lernunf\u00e4hig<\/span><\/strong><\/a><br \/>Die Weiterentwicklung der Armee steht kurz vor der Umsetzung. Sie wird als \u00abn\u00f6tig, richtig, modern und flexibel\u00bb bezeichnet. Viele Fortschritte sind bei genauem Hinsehen jedoch bloss ein R\u00fcckg\u00e4ngigmachen von fr\u00fcheren R\u00fcckschritten und Fehlern. Die Frage nach den Ursachen und den Lehren f\u00fcr die Zukunft wird nicht diskutiert. Werden die gemachten Fehler jetzt wiederholt und ist die Armeef\u00fchrung in der Tat lernunf\u00e4hig? Lesen Sie die brisante Publikation in der Allgemeinen Schweizerischen Milit\u00e4rzeitschrift 08\/2017 ASMZ (siehe aufgef\u00fchrter Titel).<\/p>\r\n<p><span style=\"color: #ff0000;\"><strong><a href=\"http:\/\/forum-flugplatz.ch\/wp-content\/uploads\/2016\/05\/Stopp-der-Armeedemontage-Unbefugte-nichts-ins-Cockpit-lassen.pdf\"><span style=\"color: #ff0000;\"><span style=\"color: #000080;\"><span style=\"color: #0000ff;\"><span style=\"color: #333399;\">Stopp der Armeedemontage-Unbefugte nichts ins Cockpit lassen<\/span><\/span><\/span><\/span><\/a><br \/><\/strong><\/span>Zwei Beitr\u00e4ge auf einer Seite des \u00abGlattaler\u00bb vom 21. Juli 2017 zu den aktuellen Themen: \u00abDie Demontage der Armee muss gestoppt werden\u00bb und \u00abGemeindepr\u00e4sidenten ohne Pilotenlizenz im Cockpit\u00bb.<\/p>\r\n<p><a href=\"http:\/\/forum-flugplatz.ch\/wp-content\/uploads\/2016\/05\/Medienmitteilung-Behoerdenreferendum.pdf\"><span style=\"color: #ff0000;\"><strong>Medienmitteilung Beh\u00f6<\/strong><\/span><\/a><a href=\"http:\/\/forum-flugplatz.ch\/wp-content\/uploads\/2016\/05\/Medienmitteilung-Behoerdenreferendum.pdf\"><span style=\"color: #ff0000;\"><strong>rdenreferendum<\/strong><\/span><\/a><br \/><strong>NEIN zur Umzonung = NEIN zum Innovationspark<br \/><\/strong>Das Forum Flugplatz D\u00fcbendorf begr\u00fcsst das Beh\u00f6rdenreferendum gegen die Umzonung des Flugplatzrandes NORD die im direkten Zusammenhang mit dem geplanten Innovationspark steht. Nachdem die Mehrheit des Kantonsrates das Volk zum Richtplan nicht befragen wollte, versuchte auch der D\u00fcbendorfer Stadt- und Gemeinderat die Bev\u00f6lkerung auf schlaumeierische Weise zu umgehen.<\/p>\r\n<p><a href=\"http:\/\/forum-flugplatz.ch\/wp-content\/uploads\/2016\/05\/Der-Bundesrat-irrt-sich-gewaltig.pdf\"><span style=\"color: #ff0000;\"><strong><span style=\"color: #333399;\">Der Bundesrat irrt sich gewaltig<\/span><\/strong><\/span><\/a><br \/>Aussage des Bundesrates: &#8220;Die Schweiz orientiert sich bei der Festlegung ihrer Ausgaben f\u00fcr die Landesverteidigung nicht an bestimmten Staaten oder internationalen Organisationen wie der Nato oder der EU; es gibt in diesem Sinn keinen internationalen Benchmark. Bestimmend f\u00fcr die Schweiz sind vielmehr ihre eigenen Beurteilungen der Bedrohungen und Gefahren.&#8221; Interessant ist, dass alle umliegenden L\u00e4nder zu einer v\u00f6llig anderen Beurteilung der milit\u00e4rischen Bedrohungen kommen. Aus Deutschland liess k\u00fcrzlich im Focus 10\/2017 verlauten: &#8220;Das Heer muss wieder mit Panzerschlachten rechnen. Weil diese nach dem Fall des Eisernen Vorhangs als Spukbild der Vergangenheit galten, hat die Bundeswehr 100 ihrer Leopard 2-Panzer an die R\u00fcstungsschmiede Krauss-Maffei verkauft, f\u00fcr rund eine Viertelmillion Euro pro St\u00fcck. Nun kauft sie die Panzer zur\u00fcck und modernisiert sie.&#8221; Die Aufr\u00fcstung Russlands ist augenf\u00e4llig und l\u00e4sst sich nicht mehr verbergen. Dazu geh\u00f6rt, neben Panzer-, Luftlande- und anderen Divisionen, auch die 1. Garde-Panzerarmee. Deren Wiederaufbau meldete Russland zur gleichen Zeit, als Korpskommandant Andr\u00e9 Blattmann, damals Chef der Armee, der Gruppe Giardino in der NZZ vorwarf, sie w\u00fcrde noch an Panzerkriege glauben. Doch lesen Sie selbst im vorliegenden bemerkenswerten Artikel &#8220;<span style=\"color: #ff0000;\">Der Bundesrat irrt gewaltig<\/span>&#8221; von Gotthard Frick nach, der heute 22. Juni 2017 in der Basler Zeitung erschienen ist.<\/p>\r\n<p><em>Kommentar: Es ist geradezu fahrl\u00e4ssig, wie der Bundesrat &#8211; wider besseres Wissens &#8211; eigenm\u00e4chtig und selbstherrlich die Geschehnisse in der Welt beurteilt und trotz gegenteiligen Erkenntnissen von Staaten, die \u00fcber einen weitaus effizienteren Nachrichten- und Geheimdienst verf\u00fcgen, keinen Anlass zu einer Neubeurteilung sehen. Eine Willk\u00fcr, die die Bev\u00f6lkerung dereinst schmerzlich und teuer zu stehen kommen wird.\u00a0 \u00a0<\/em><\/p>\r\n<p><span style=\"color: #333399;\"><strong><a href=\"http:\/\/forum-flugplatz.ch\/wp-content\/uploads\/2016\/05\/Fragen-und-Antworten-einer-SiK-Nationalraetin.pdf\">Fragen und Antworten einer SiK-Nationalraetin<\/a><br \/><\/strong><\/span>Unglaubliche Stellungnahme eines Mitgliedes der Sicherheitspolitischen Kommission des Nationalrates. Es ist leider nicht mehr \u00fcblich, dass viele Parlamentarier Fragen aus dem Volk konkret beantworten. Ein Armutszeugnis oder eine Zeiterscheinung?<\/p>\r\n<p><strong><span style=\"color: #ff0000;\"><a style=\"color: #ff0000;\" href=\"http:\/\/forum-flugplatz.ch\/wp-content\/uploads\/2016\/05\/Medienmitteilung-Forum-Bund-lehnt-Konzept-Standortgemeinden-ab.pdf\"><span style=\"color: #0000ff;\"><span style=\"color: #333399;\">Bund lehnt das alternative Konzept der Standortgemeinden ab<\/span><\/span><\/a><br \/><\/span><\/strong>Bund lehnt Konzept der Standortgemeinden ab \u2013 h\u00f6chste Zeit den Worst Case zu verhindern: Nein zum Innovationspark!<br \/>Der Forum Flugplatz D\u00fcbendorf bedauert, dass der Bund nicht auf das Konzept der Anrainergemeinden eingetreten ist. Auch wenn das Forum nicht mit allen, bis heute bekannten, Inhalte des Konzepts einverstanden ist, h\u00e4tte es die T\u00fcren f\u00fcr einen milit\u00e4risch- \/ zivilaviatischen Werkflugplatz, welches das Forum seit mehr als 12 Jahren fordert, ge\u00f6ffnet. Die Standortgemeinden m\u00fcssen jetzt den Worst Case abwenden und sich gegen den Innovationspark auf dem Flugplatz D\u00fcbendorf stellen.<\/p>\r\n<p><strong><span style=\"color: #000080;\"><a style=\"color: #000080;\" href=\"http:\/\/forum-flugplatz.ch\/wp-content\/uploads\/2016\/05\/Von-Doktrinwechsel-ist-nicht-die-Rede.pdf\">Von Doktrinwechsel ist nicht die Rede<\/a><\/span><\/strong><\/p>\r\n<p>Der ehemalige Kommandant der Schweizer Luftwaffe, KKdt Markus Gygax aD, nimmt Stellung zu den irref\u00fchrenden Schlagzeilen, die F\/A-18 der Schweizer Luftwaffe soll zum Kampfbomber ausger\u00fcstet werden: \u00abSolche Schlagzeilen zu lesen, \u00e4rgert mich ausserordentlich. Es ging nie darum, Schweizer Flugzeuge zu Bombern auszur\u00fcsten. Wer das sagt, weiss nicht, was ein Bomber ist. Bomber sind zum Beispiel die B-2 der USA, von denen ein einziger gegen eine Milliarde US-Dollar kostet, oder die russischen Tupolew Blackjack, welche Bodenziele in Syrien bombardieren. Moderne Kampfflugzeuge k\u00f6nnen zwar auch Ziele am Boden angreifen und verf\u00fcgen damit \u00fcber Erdkampff\u00e4higkeit, sind aber nie und nimmer Bomber.\u00bb<\/p>\r\n<p><strong><span style=\"color: #000080;\"><a style=\"color: #000080;\" href=\"http:\/\/forum-flugplatz.ch\/wp-content\/uploads\/2016\/05\/Vor-den-Kadi.pdf\">Gener\u00e4le sollen Rechenschaft ablegen<\/a><\/span><\/strong><\/p>\r\n<p><strong>ARMEEBOTSCHAFT<\/strong>\u00a0\u00abBankrotterkl\u00e4rung\u00bb, \u00abRiesen-Saustall\u00bb, \u00abkatastrophales Logistik-Debakel\u00bb: Willi Vollenweider w\u00e4hlt deutliche Worte. Was den Pr\u00e4sidenten der Gruppe Giardino und parteilosen Zuger Kantonsrat derart in Rage bringt, ist ein Passus aus der Brosch\u00fcre zur Armeebotschaft 2017, die der Bundesrat vergangenen Mittwoch verabschiedet hat. Auf Seite 12 steht da geschrieben: \u00abDie heutigen Munitionsvorr\u00e4te sind zu klein. Sie w\u00e4ren bereits nach kurzen Eins\u00e4tzen verbraucht. Die Armee k\u00f6nnte bei einem entsprechenden Einsatz ihren Auftrag nur \u00fcber wenige Tage erf\u00fcllen.\u00bb<\/p>\r\n<p><span style=\"color: #000080;\"><strong><a style=\"color: #000080;\" href=\"http:\/\/forum-flugplatz.ch\/wp-content\/uploads\/2016\/05\/2017-01-20_gle-Aviatik-Glattaler.pdf\">Artikel im Glattaler vom 20.01.2017 zum alternativen Konzept der Anrainergemeinden<\/a><\/strong><\/span><\/p>\r\n<p><span style=\"color: #000080;\"><strong><a style=\"color: #000080;\" href=\"http:\/\/forum-flugplatz.ch\/wp-content\/uploads\/2016\/05\/Stellungnahme-zum-alternativen-Konzept-der-Anrainergemeinden.pdf\">Stellungnahme zum alternativen aviatischen Konzept der Anrainergemeinden<\/a><\/strong><\/span><\/p>\r\n<p>Ja zum Werkflugplatz \u2013 unter gewissen Bedingungen. Das Forum Flugplatz D\u00fcbendorf nimmt positiv zur Kenntnis, dass die Anrainergemeinden auf das Konzept eines Werkflugplatzes einschwenken wollen. Wir propagieren diese Ausrichtung \u00a0schon seit mehreren Jahren ohne auf Geh\u00f6r gestossen zu sein. Das Faktenblatt wirft viele Fragen auf, weshalb eine baldige Publikation des detaillierten Konzepts notwendig ist. Wichtig scheint uns u.a., dass bei Annahme des alternativen Konzeptes und einhergehenden Vergabe von Betriebs- und Nutzungsrechten, jeder Verdacht auf Beg\u00fcnstigung, Vetternwirtschaft, Filz und grandfather rights ausger\u00e4umt wird. Dazu eignet sich am Besten eine neutrale, unabh\u00e4ngige Institution, die f\u00fcr die operativen Belange verantwortlich zeichnet.<\/p>\r\n<p><span style=\"color: #000080;\"><strong><a style=\"color: #000080;\" href=\"http:\/\/forum-flugplatz.ch\/wp-content\/uploads\/2016\/05\/Sicherheitspolitik.pdf\">Sicherheitspolitik \/ Das Ende der Milizarmee \/ Willy P.Stelzer (NZZ Gastkommentar)<\/a><\/strong><\/span><\/p>\r\n<p>Keine Armee ertr\u00e4gt vier Reformen innerhalb von anderthalb Jahrzehnten. Viel schlimmer: Weder die \u00abArmee 95\u00bb noch \u00abA XXI\u00bb noch der \u00abEntwicklungsschritt 08\/11\u00bb sind umgesetzt worden. Von 600 000 Mann wird die Armee gem\u00e4ss Parlamentsentscheid auf 100 000 Mann heruntergefahren. Im Interview mit der \u00abASMZ 07\/2013\u00bb hat der vormalige Departementschef Ueli Maurer jedoch best\u00e4tigt, dass die 100 000-Mann-WEA-Armee den Auftrag gem\u00e4ss Bundesverfassung Artikel 58, Absatz 2 nicht erf\u00fcllen kann. Aber die Planung der WEA-Armee hat einen ganz engen Zusammenhang mit der verdeckten Agenda \u00abNato-Beitritt\u00bb \u2013 dies im Gleichschritt mit den Anstrengungen bestimmter Kreise, die Schweiz n\u00e4her an die EU heranzuf\u00fchren. Dass damit die Verfassung und die Vertr\u00e4ge von 1815 (Wiener Kongress \u2013 immerw\u00e4hrende und bewaffnete Neutralit\u00e4t) sowie der Friedensvertrag von Versailles vom 28. Juni 1919 verletzt werden, k\u00fcmmert die Initianten und Bef\u00fcrworter einer 20 000-Mann-Berufsarmee nicht.<\/p>\r\n<p><strong><span style=\"color: #000000;\"><a style=\"color: #000000;\" href=\"http:\/\/forum-flugplatz.ch\/wp-content\/uploads\/2016\/05\/Eingabe-Forum-zum-SPM.pdf\">Eingabe zum Sachplan Milit\u00e4r 2017<\/a><\/span><\/strong><\/p>\r\n<p>Der Sachplan Milit\u00e4r (SPM) schreibt u.a. fest, was mit milit\u00e4rischen Anlagen in der Schweiz geschehen soll. Darin ist auch der Flugplatz D\u00fcbendorf enthalten. Es sollen aber auch die Waffenpl\u00e4tze D\u00fcbendorf und Kloten mittelfristig geschlossen werden. Das Forum Flugplatz hat sich im obigen Dokument innerhalb der Eingabefrist vom 8. Dezember 2016 dazu ge\u00e4ussert.<\/p>\r\n<p><span style=\"color: #000000;\"><strong><a style=\"color: #000000;\" href=\"http:\/\/forum-flugplatz.ch\/wp-content\/uploads\/2016\/05\/Bereitschaft-von-Kampfflugzeugflotten.pdf\">Bereitschaft von Kampfflugzeugflotten<\/a><\/strong><\/span><\/p>\r\n<p><span style=\"color: #000000;\">Die Schweizerische Luftwaffe verf\u00fcgt heute noch \u00fcber 30 F\/A-18 Hornet. Oberst i Gst Peter Bruns erkl\u00e4rt in der Military Power Revue, weshalb nur immer ein Teil davon einsatzbereit ist. Er \u00fcberl\u00e4sst im sehr guten Artikel allerdings dem Leser die Schlussfolgerung, weshalb dieser Bestand zu klein ist. Das \u00abUndenkbare denken\u00bb ist leider immer noch ein Tabu. Ein gutes Beispiel, weshalb glaubw\u00fcrdige Luftwaffen immer \u00fcber mindestens 60-70 Kampfflugzeuge verf\u00fcgen. Leider fehlt es in der Schweiz an mutigen Pers\u00f6nlichkeiten in der Armeef\u00fchrung, die unmissverst\u00e4ndlich Klartext reden, was unsere Armee zur Erf\u00fcllung des verfassungsm\u00e4ssigen Auftrages an Mitteln braucht.<\/span><\/p>\r\n<p><span style=\"color: #000000;\"><strong><a style=\"color: #000000;\" href=\"http:\/\/forum-flugplatz.ch\/wp-content\/uploads\/2016\/05\/161102_luftverteidigung_positionspapier.pdf\">Welche Luftverteidigung braucht die Schweiz? Ein Positionspapier der Stiftung Lilienberg Unternehmerforum<\/a><\/strong><\/span><\/p>\r\n<p><span style=\"color: #000000;\"><strong><a style=\"color: #000000;\" href=\"http:\/\/forum-flugplatz.ch\/wp-content\/uploads\/2016\/05\/AvU-KLW_2016-11-10.pdf\">Interview mit dem Kommandant Luftwaffe, KKdt Aldo C. Schellenberg im Anzeiger von Uster vom 10. November 2016<\/a><\/strong><\/span><br \/><span style=\"color: #000000;\"> Kommentar: Die Armeef\u00fchrung ist in erster Linie Befehlsempf\u00e4nger seitens der Politik und hat keine eigene Meinung zu \u00e4ussern. Wie der politische Auftrag lautete, die zum Abzug der Kampflugzeuge von D\u00fcbendorf und damit zu faktischen Schliessung des Milit\u00e4rflugplatzes f\u00fcr Fl\u00e4chenflugzeuge gef\u00fchrt hat, bleibt allerdings im Dunkeln&#8230;<\/span><\/p>\r\n<p><span style=\"color: #000000;\"><a style=\"color: #000000;\" href=\"http:\/\/forum-flugplatz.ch\/wp-content\/uploads\/2016\/09\/2016-MNS-ARTIKEL-3-2016-.pdf\">SIPOL 2016 &#8211; Luftverteidigung: Konsequenzen ziehen und redlich umsetzen (Konrad Alder)<\/a><\/span><\/p>\r\n<p><span style=\"color: #000000;\"><a style=\"color: #000000;\" href=\"http:\/\/forum-flugplatz.ch\/wp-content\/uploads\/2016\/05\/Basler-Zeitung-GASTKOMMENTAR-von-Peter-Schneider.pdf\">Es braucht eine Armee mit 300&#8217;000 Mann <\/a><\/span><\/p>\r\n<p><span style=\"color: #000000;\"><a style=\"color: #000000;\" href=\"http:\/\/forum-flugplatz.ch\/wp-content\/uploads\/2016\/05\/Liebe-aber-nicht-fuers-Militaer-211016.pdf\">Dampfkochtopf und Wasserkopf statt Feuerkraft (Beda D\u00fcggelin)<\/a><\/span><\/p>\r\n<p><span style=\"color: #000000;\"><a style=\"color: #000000;\" href=\"http:\/\/forum-flugplatz.ch\/wp-content\/uploads\/2016\/05\/Forum-Flugplatz-Duebendorf-Eingabe-Richtplan-ZPG.pdf\">Das Forum wehrt sich gegen den Richtplan und die Verk\u00fcrzung der Piste<\/a><\/span><\/p>\r\n<hr \/>\r\n<p><span style=\"color: #000000;\"><a style=\"color: #000000;\" href=\"http:\/\/forum-flugplatz.ch\/wp-content\/uploads\/2016\/05\/Engagement-fuer-die-Magerwiese-Replik-1.pdf\">Wie ernst meint es der D\u00fcbendorfer Stadtrat mit dem Naturschutz auf dem Flugplatz? \/ <\/a><a style=\"color: #000000;\" href=\"http:\/\/forum-flugplatz.ch\/wp-content\/uploads\/2016\/05\/Magerwiese-LB.pdf\">Leserbriefe<\/a><\/span><\/p>\r\n<hr \/>\r\n<p><span style=\"color: #000000;\"><a style=\"color: #000000;\" href=\"http:\/\/forum-flugplatz.ch\/wp-content\/uploads\/2016\/05\/Armee-erneuert-Flugplatz-Sion.pdf\">Die Armee muss sparen &#8211; und subventioniert den Tourismus des Kantons Wallis<\/a><\/span><\/p>\r\n<hr \/>\r\n<p><span style=\"color: #000000;\"><a style=\"color: #000000;\" href=\"http:\/\/forum-flugplatz.ch\/wp-content\/uploads\/2016\/05\/Newsticker-101.pdf\">Landung einer F\/A-18 in Z\u00fcrich-Kloten<\/a><\/span><\/p>\r\n<hr \/>\r\n<div class=\"post-headline\"><span style=\"color: #000000;\">Sicherheitspolitischer Bericht 2016 <a style=\"color: #000000;\" href=\"http:\/\/forum-flugplatz.ch\/wp-content\/uploads\/2016\/05\/Sipol-2016-45068.pdf\">Sipol-2016-45068.pdf<\/a> : Gruppe-Giardino: Ende August 2016 hat der Bundesrat den neuen Sicherheitspolitischen Bericht 2016 (Sipol B 2016) vorgestellt. Trotz ausf\u00fchrlicher Vernehmlassung mangelt es dem vorliegenden Bericht sowohl an der stringenten Argumentationslinie als auch an klaren Leits\u00e4tzen f\u00fcr die Entwicklung auf Basis der WEA-Entscheide.\u00a0F\u00fcr die Schweizerische Offiziersgesellschaft (SOG) ist es eine verpasste Gelegenheit, dem Sipol B 2016 eine h\u00f6here Aussagekraft zuzumessen, damit sein politischer Stellenwert im Parlament mehr als lediglich eine Kenntnisnahme des Berichts darstellt.\u00a0Beitrag auf <a style=\"color: #000000;\" href=\"http:\/\/sog.ch\/2016\/10\/sicherheitspolitischer-bericht-2016-nicht-erfuellt\/\" target=\"_blank\" rel=\"noopener noreferrer\">sog.ch<\/a><\/span><\/div>\r\n<div class=\"post-bodycopy clearfix\">\r\n<div class=\"pf-content\">\r\n<p><span style=\"color: #000000;\">Kommentar: Es \u00fcberrascht doch sehr, dass\u00a0die SOG den SIPOL Bericht 2016 grunds\u00e4tzlich ablehnt, die direkte Konsequenz daraus (WEA) hingegen durchgewunken hat.<\/span><\/p>\r\n<hr \/><\/div>\r\n<\/div>\r\n<!-- wp:paragraph -->\r\n<p>&nbsp;<\/p>\r\n<!-- \/wp:paragraph -->","protected":false},"excerpt":{"rendered":"<p>CH-Soldat-Forum 22.November 2025: Peter Bosshard, Pr\u00e4sident des Vereins Forum Flugplatz D\u00fcbendorf, blickt mit Sorge auf die sicherheitspolitische LageEuropas. Im Gespr\u00e4ch mit dem SCHWEIZER SOLDAT warnt er vor einem gef\u00e4hrlichen Verlust [&hellip;]<\/p>\n","protected":false},"author":1,"featured_media":1703,"parent":0,"menu_order":1,"comment_status":"open","ping_status":"closed","template":"","meta":[],"_links":{"self":[{"href":"https:\/\/forum-flugplatz.ch\/index.php?rest_route=\/wp\/v2\/pages\/4"}],"collection":[{"href":"https:\/\/forum-flugplatz.ch\/index.php?rest_route=\/wp\/v2\/pages"}],"about":[{"href":"https:\/\/forum-flugplatz.ch\/index.php?rest_route=\/wp\/v2\/types\/page"}],"author":[{"embeddable":true,"href":"https:\/\/forum-flugplatz.ch\/index.php?rest_route=\/wp\/v2\/users\/1"}],"replies":[{"embeddable":true,"href":"https:\/\/forum-flugplatz.ch\/index.php?rest_route=%2Fwp%2Fv2%2Fcomments&post=4"}],"version-history":[{"count":434,"href":"https:\/\/forum-flugplatz.ch\/index.php?rest_route=\/wp\/v2\/pages\/4\/revisions"}],"predecessor-version":[{"id":1710,"href":"https:\/\/forum-flugplatz.ch\/index.php?rest_route=\/wp\/v2\/pages\/4\/revisions\/1710"}],"wp:featuredmedia":[{"embeddable":true,"href":"https:\/\/forum-flugplatz.ch\/index.php?rest_route=\/wp\/v2\/media\/1703"}],"wp:attachment":[{"href":"https:\/\/forum-flugplatz.ch\/index.php?rest_route=%2Fwp%2Fv2%2Fmedia&parent=4"}],"curies":[{"name":"wp","href":"https:\/\/api.w.org\/{rel}","templated":true}]}}