{"id":946,"date":"2024-08-16T10:00:15","date_gmt":"2024-08-16T08:00:15","guid":{"rendered":"http:\/\/forum-flugplatz.ch\/?page_id=946"},"modified":"2024-08-16T10:00:16","modified_gmt":"2024-08-16T08:00:16","slug":"info","status":"publish","type":"page","link":"https:\/\/forum-flugplatz.ch\/?page_id=946","title":{"rendered":"Info News"},"content":{"rendered":"<p><strong>23.04.2023<\/strong><br \/>\n<strong>Neues Staatssekretariat im VBS?<\/strong><\/p>\n<p><strong>Die neue Organisation des VBS mit einem Staatssekretariat ist entschieden abzulehnen<\/strong>. Es bedeutet, mehr B\u00fcropersonal f\u00fcr eine Armee, die nicht einmal vollst\u00e4ndig ausger\u00fcstet werden kann. <strong>Das Staatssekretariat soll sich um die strategischen Fragen k\u00fcmmern, die Armeef\u00fchrung um operative<\/strong>. Die Armee wird weiter &#8220;entmachtet&#8221; bzw. &#8220;zur\u00fcckgedr\u00e4ngt&#8221;. Die WEA wurde noch damit begr\u00fcndet, dass der CdA f\u00fcr milit\u00e4r-strategische Fragen zust\u00e4ndig sei, der Chef Operationen f\u00fcr das Operative. Nun will offenbar Bundesr\u00e4tin Viola Amherd Geschenke mit neuen P\u00f6stchen verteilen k\u00f6nnen. Das brauchen wir wirklich nicht. <strong>Im Staatssekretariat werden dann strategische Entscheide angeordnet, den die Armeef\u00fchrung auf der operativen Stufe umsetzen muss<\/strong>. Genau gem\u00e4ss dem Primat der Politik.<\/p>\n<p>Die Gefahr, dass die Armee noch weiter verpolitisiert und damit vollends zum Spielball parteipolitischer Interessen werden k\u00f6nnte, ist kaum zu untersch\u00e4tzen. Insbesondere wenn mit einem neuen Staatssekretariat wieder zahlreiche neue P\u00f6stchen geschaffen werden, bzw. zu vergeben sind. Die mageren personellen und finanziellen Ressourcen sollten doch in allererster Linie den Grundauftrag der Landesverteidigung dienen und d\u00fcrfen keinesfalls f\u00fcr irgendwelche Machtspielchen, Parteiengepl\u00e4nkel oder dergleichen eingesetzt werden.<\/p>\n<p><strong>13.01.2023<br \/>\nFalschaussagen von einer Regierungsratskandidatin:<br \/>\n<\/strong><span style=\"color: #ff0000;\"><strong>Z\u00fcri-News: TalkT\u00e4glich &#8211; Wer schafft es in den Z\u00fcrcher Regierungsrat?<\/strong><\/span><\/p>\n<div class=\" xsag5q8\" dir=\"auto\">\n<div class=\"\" dir=\"auto\">\n<div class=\"x1iorvi4 x1pi30zi xjkvuk6 x1swvt13\" data-ad-comet-preview=\"message\" data-ad-preview=\"message\">\n<div class=\"x78zum5 xdt5ytf xz62fqu x16ldp7u\">\n<div class=\"xu06os2 x1ok221b\">\n<div class=\"x11i5rnm xat24cr x1mh8g0r x1vvkbs xdj266r x126k92a\">\n<div dir=\"auto\"><span style=\"color: #ff0000;\"><strong>Wenn Frau NR Priska Seiler Graf im laufenden Regierungsratswahlkampf behauptet, dass sie nie gegen ein neues Kampfflugzeug votiert habe, so ist das schlicht unwahr. Man erinnere sich in diesem Zusammenhang daran, dass PSG als Mitglied der SiK NR und als sicherheitspolitische Sprecherin der SP Schweiz im Rahmen der Referendumsabstimmung \u00abBundesbeschluss \u00fcber die Beschaffung neuer Kampfflugzeuge\u00bb vom 27. September 2020 mit ihrer engagierten Nein-Parole der W\u00e4hlerschaft implizit empfohlen hat, ganz auf ein neues Kampfflugzeug zu verzichten. Dies h\u00e4tte zum irreversiblen Verlust unserer Luftwaffe als Einsatzmittel der 1. Stunde gef\u00fchrt und unsere Bev\u00f6lkerung und Armee allen Bedrohungen aus der Luft preisgegeben. Wer so mit einer zentralen Frage unserer Sicherheit umspringt, geh\u00f6rt nicht in den Regierungsrat des Kantons Z\u00fcrich.<br \/>\n<\/strong><\/span><strong>Konrad Alder<\/strong><span style=\"color: #ff0000;\"><strong><br \/>\n<\/strong><\/span><\/div>\n<\/div>\n<\/div>\n<\/div>\n<\/div>\n<\/div>\n<\/div>\n<hr>\n<p><strong>30.06.2021<\/strong><br \/>\n<strong><a href=\"https:\/\/forum-flugplatz.ch\/wp-content\/uploads\/2021\/06\/Parlamentarierbrief.pdf\">Offener Brief an unsere Parlamentarier<\/a><br \/>\n<\/strong>Das Seilziehen um den Typenentscheid hat auf der politischen B\u00fchne unertr\u00e4gliche Dimensionen erreicht. Das von Frau Bundesr\u00e4tin Viola Amherd lancierte Evaluationsverfahren, das von gestandenen Experten durchgef\u00fchrt wurde, wird mit unhaltbaren Argumenten in Zweifel gezogen.<br \/>\nDazu einige Gedanken und Fakten.<\/p>\n<p><strong>28.03.2021<\/strong><br \/>\nZur Erinnerung das erste <a href=\"http:\/\/forum-flugplatz.ch\/wp-content\/uploads\/2021\/03\/Info1.pdf\"><strong><span style=\"color: #ff0000;\">Info News Nr. 1<\/span><\/strong><\/a> erschienen ein Jahr nach der Gr\u00fcndung des Vereins. Damals sah die Welt noch anders aus&#8230;eine kurze <a href=\"http:\/\/forum-flugplatz.ch\/wp-content\/uploads\/2021\/03\/Kurzfassung.pdf\"><strong><span style=\"color: #ff0000;\">Zusammenfassung<\/span><\/strong><\/a> \u00fcber die wichtigsten Meilensteine im beil. Dokument.<\/p>\n<p><span style=\"color: #000000;\"><strong>12. 02. 2021<\/strong><\/span><br \/>\n<span style=\"color: #ff0000;\"><strong><a style=\"color: #ff0000;\" href=\"http:\/\/forum-flugplatz.ch\/wp-content\/uploads\/2021\/02\/Forum-Flash-25.pdf\">INFO FLASH 25&nbsp; &#8220;Die CIA fliegt mit<\/a>&#8221; oder der hoffnungslose Versuch einer Bekehrung<\/strong><\/span>. Ein besonderer Mailverkehr mit <strong>Frau Priska-<\/strong><\/p>\n<p><strong>16.12.2020<\/strong><br \/>\n<strong><a href=\"http:\/\/forum-flugplatz.ch\/wp-content\/uploads\/2020\/12\/Forum-Info-Nr55.pdf\"><span style=\"color: #ff0000;\">INFO NEWS 55<\/span><\/a> ist soeben erschienen. Es behandelt auf 24 Seiten u.a. die <span style=\"color: #ff0000;\">unsinnige Liquidation der Festungsminenwerfer als Akt einer beispiellosen Wehrlosmachung<\/span> der Schweiz und die geplante Beschaffung einer v\u00f6llig missratenen Eigenentwicklung des M\u00f6rser 16. Gleichzeitig wird das finnische System NEMO von Patria vorgestellt.&nbsp;&nbsp;<\/strong><\/p>\n<p><strong>14.12.2020<\/strong><br \/>\n<strong><a href=\"http:\/\/forum-flugplatz.ch\/wp-content\/uploads\/2020\/12\/Info-Flash-Uebersichtx.pdf\"><span style=\"color: #ff0000;\">\u00dcbersicht \u00fcber die letzten INFO NEWS und INFO Flash<\/span><\/a><\/strong><\/p>\n<p><strong>06.12.2020<\/strong><br \/>\n<strong><span style=\"color: #ff0000;\">https:\/\/www.facebook.com\/armee.ch\/videos\/159834112502890\/<br \/>\n<span style=\"color: #000000;\">Die Kampagne der Schweizer Luftwaffe mit 10 Hornets in Leeming \/ England<\/span><\/span><\/strong><\/p>\n<p><strong>06.12.2020<br \/>\n<span style=\"color: #ff0000;\">https:\/\/www.facebook.com\/raf.leeming\/posts\/1780122875480540<br \/>\n<\/span><\/strong><a class=\"oajrlxb2 g5ia77u1 qu0x051f esr5mh6w e9989ue4 r7d6kgcz rq0escxv nhd2j8a9 nc684nl6 p7hjln8o kvgmc6g5 cxmmr5t8 oygrvhab hcukyx3x jb3vyjys rz4wbd8a qt6c0cv9 a8nywdso i1ao9s8h esuyzwwr f1sip0of lzcic4wl oo9gr5id gpro0wi8 lrazzd5p\" tabindex=\"0\" role=\"link\" href=\"https:\/\/www.facebook.com\/raf.leeming\/?__cft__[0]=AZWRNjW7LXggCOunCenpe_jLF7yN8vweZSFtm5oT8JhgvGnE3xrqdwnT30Oo6i0ZbcX4EQiPjRnLIyoz9O24tG-EyFvffw8-E0hqLnMjABhktyWQbgwbIQGnjj-x18nkkorlU7QH2zWKKOkMsw_cAubhMdDL9QvFRHAi9zAQucLSCw&amp;__tn__=-UC%2CP-R\"><strong>RAF Leeming<\/strong><\/a><br \/>\nYou\u2019ve no doubt noticed the F-18s are detached to North Yorkshire. Lt Col Aldo Wicki explains why Ex YORKNITE is so important to the Swiss Air Force.<\/p>\n<p><strong>23.10.2020<\/strong><br \/>\nAuszug aus dem neuen Forum Info Nr. 55:<br \/>\n<span style=\"color: #ff0000;\"><a style=\"color: #ff0000;\" href=\"http:\/\/forum-flugplatz.ch\/wp-content\/uploads\/2020\/10\/Forum-Info-Nr55-S2-4.pdf\"><strong>Der Panzerm\u00f6rser 16 Cobra stellt einen weiteren &#8220;Meilenstein&#8221; im Beschaffungsskandal dar<\/strong><\/a><\/span>. Rechtsanwalt Dr. Rudolf P. Schaub, Oberstleutnant a.D. deckt die knapp rund M\u00e4ngel auf und kritisiert die &#8220;attestierte bedingte Truppentauglichkeit&#8221;.&nbsp;&nbsp;<\/p>\n<p><a href=\"http:\/\/forum-flugplatz.ch\/wp-content\/uploads\/2020\/08\/Forum-Info-Nr54.pdf\"><span style=\"color: #ff0000;\"><strong>Forum-Info 54 &#8211; Aug. 2020<\/strong><\/span><\/a>. Gen\u00fcgt unsere Armee oder sollte sie auch glaubw\u00fcrdig sein? Diese Ausgabe befasst schwergewichtig mit der dringenden Beschaffung von Kampfflugzeugen worin mehrere Autoren Stellung beziehen: <span style=\"color: #ff0000;\"><strong>Oberst i Gst Peter (Pablo) Merz<\/strong><\/span><strong>,<\/strong><span style=\"color: #ff0000;\"><span style=\"color: #000000;\"> designierter Kommandant Luftwaffe, <\/span><strong>Konrad Alder<\/strong><\/span><strong>, <\/strong><span style=\"color: #ff0000;\"><span style=\"color: #000000;\">Herausgeber der Milit\u00e4rpolitischen Nachrichten Schweiz,<\/span><strong> Alexander Steinacher, Ernst K\u00e4gi <\/strong><span style=\"color: #000000;\">und<\/span><strong> Fritz Maurer<\/strong><\/span>.<\/p>\n<p><span style=\"color: #800000;\"><a href=\"http:\/\/forum-flugplatz.ch\/wp-content\/uploads\/2020\/09\/Forum-Info-53.pdf\"><span style=\"color: #ff0000;\"><strong>Forum-Info 53<\/strong> &#8211; <\/span><span style=\"color: #ff0000;\"><strong>Sep 2019<\/strong><\/span><\/a> &#8211; Warum hat ein Flugzeugtr\u00e4ger 70-80 Flugzeuge &#8211; Claude Nicollier &#8211; Viola Amherd &#8211; Unsere Armee einst und jetzt &#8211; Weltkulturerbe &#8211; Die Bombe Trinity<\/span><\/p>\n<p><span style=\"color: #800000;\"><a style=\"color: #800000;\" href=\"http:\/\/forum-flugplatz.ch\/wp-content\/uploads\/2019\/03\/Forum-Info-Nr52-1.pdf\"><strong>Forum-Info 52 <\/strong>&#8211; <strong>Mai 2019<\/strong><\/a> &#8211; CdA &#8211; Der weisse Fleck &#8211; Luftwaffe im Kalten Krieg &#8211; 12cm Festungsminenwerfer &#8211; Entwaffnung der Schweiz &#8211; Es wird Zeit, vom toten Pferd abzusteigen&nbsp;<\/span><\/p>\n<p><span style=\"color: #800000;\"><strong><a style=\"color: #800000;\" href=\"http:\/\/forum-flugplatz.ch\/wp-content\/uploads\/2018\/10\/Info-51.pdf\">Forum-Info 51 <\/a><\/strong><a style=\"color: #800000;\" href=\"http:\/\/forum-flugplatz.ch\/wp-content\/uploads\/2018\/10\/Info-51.pdf\">&#8211; <strong>Okt 2018<\/strong><\/a> &#8211; Rosmarie Quadranti &#8211; Milizarmee &#8211; Quo vadis &#8211; Untaugliche WEA &#8211; Gruppe Giardino &#8211; Unn\u00f6tige Zw\u00e4ngerei &#8211; Fakten zum 12cm Festungsminenwerfer<\/span><\/p>\n<p><span style=\"color: #800000;\"><a style=\"color: #800000;\" href=\"http:\/\/forum-flugplatz.ch\/wp-content\/uploads\/2016\/05\/Info-50.pdf\"><strong>Forum-Info 50<\/strong> &#8211; <strong>Jan 2<\/strong><\/a><\/span><strong><a style=\"color: #800000;\" href=\"http:\/\/forum-flugplatz.ch\/wp-content\/uploads\/2016\/05\/Info-50.pdf\">1<\/a><\/strong><a style=\"color: #800000;\" href=\"http:\/\/forum-flugplatz.ch\/wp-content\/uploads\/2016\/05\/Info-50.pdf\"><strong>08<\/strong><\/a> &#8211; Prof.Albert A.Stahel &#8211; Oberst i Gst Peter Schneider zur Luftwaffe &#8211; Es riecht nach Leichenhalle&nbsp;<\/p>\n<p><span style=\"color: #800000;\"><a style=\"color: #800000;\" href=\"http:\/\/forum-flugplatz.ch\/wp-content\/uploads\/2016\/05\/Info-WEA-Spezialausgabe-Juni-2016.pdf\"><strong>Forum-Info<\/strong> &#8211; <strong>Jun 2016<\/strong><\/a>&nbsp;&#8211; Spezialausgabe WEA<\/span><\/p>\n<p><span style=\"color: #800000;\"><strong style=\"color: #800000;\"><a style=\"color: #800000;\" href=\"http:\/\/forum-flugplatz.ch\/wp-content\/uploads\/2016\/05\/WEA-Mitgliederbrief.pdf\">Forum-Info&nbsp;<\/a><\/strong><\/span><a style=\"color: #800000;\" href=\"http:\/\/forum-flugplatz.ch\/wp-content\/uploads\/2016\/05\/WEA-Mitgliederbrief.pdf\">&#8211; <strong>Mai 2016<\/strong>&nbsp;<\/a><span style=\"color: #800000;\">&nbsp;&#8211; Spezialausgabe &#8211;&nbsp;Mitgliederbrief WEA&nbsp;<\/span><\/p>\n<p><span style=\"color: #800000;\"><a style=\"color: #800000;\" href=\"http:\/\/forum-flugplatz.ch\/wp-content\/uploads\/2016\/05\/Info-49.pdf\" target=\"_blank\" rel=\"noopener noreferrer\"><strong>Forum-Info 49<\/strong> &#8211; <strong>Jan 2016<\/strong><\/a> &#8211; Versagt die WEA im Ernstfall? &#8211; Mangelnde Transparenz &#8211;&nbsp; Quo Vadis Luftwaffe? &#8211; Bericht SIPO 2015<\/span><\/p>\n<p><span style=\"color: #800000;\"><a style=\"color: #800000;\" href=\"http:\/\/forum-flugplatz.ch\/wp-content\/uploads\/2016\/05\/Info-48-F.pdf\"><strong>Forum-Info 48<\/strong> &#8211; <strong>Okt 2015<\/strong><\/a>&#8211; Der erzwungene Innovationspark &#8211; Nationalratswahlen<\/span><\/p>\n<p><span style=\"color: #800000;\"><a style=\"color: #800000;\" href=\"http:\/\/forum-flugplatz.ch\/wp-content\/uploads\/2016\/05\/Info-47E-Ausgabe.pdf\"><strong>Forum-Info 47<\/strong> &#8211; <strong>M\u00e4r<\/strong><\/a><a style=\"color: #800000;\" href=\"http:\/\/forum-flugplatz.ch\/wp-content\/uploads\/2016\/05\/Info-47E-Ausgabe.pdf\"><strong> 2014<\/strong><\/a> &#8211; Spezialausgabe Kantonsratswahlen &#8211; Wer tr\u00e4gt die Verantwortung?<\/span><\/p>\n<p><span style=\"color: #800000;\"><a style=\"color: #800000;\" href=\"http:\/\/forum-flugplatz.ch\/wp-content\/uploads\/2016\/05\/Info-46.pdf\"><strong>Forum-Info 46<\/strong> &#8211; <strong>Okt 2014<\/strong><\/a>&#8211; 100 Jahre Milit\u00e4rflugplatz &#8211; Wechsel im Vorstand &#8211; Ist die Armeef\u00fchrung glaubw\u00fcrdig? &#8211; Prof.Dr. Albert A. Stahel &#8211; Zukunft Flugplatz&nbsp;<\/span><\/p>\n<p><span style=\"color: #800000;\"><a style=\"color: #800000;\" href=\"http:\/\/forum-flugplatz.ch\/wp-content\/uploads\/2016\/05\/Info-45Low.pdf\"><strong>Forum-Info 45<\/strong> &#8211; <strong>Jul 2013<\/strong><\/a> &#8211; Die Zukunft des Flugplatzes D\u00fcbendorf &#8211; Innovationspark, das gigantische Zubetonierungsprojekt &#8211; Visio Horribilis &#8211; Sicherheit f\u00fcr alle? &#8211; Dissuasion?<\/span><\/p>\n<p><span style=\"color: #800000;\"><a style=\"color: #800000;\" href=\"http:\/\/forum-flugplatz.ch\/wp-content\/uploads\/2016\/05\/Info-44.pdf\"><strong>Forum-Info 44<\/strong> &#8211; <strong>Nov 2012<\/strong><\/a> &#8211; Ein Zyniker &#8211; Paul Stopper: Fl\u00e4che muss gr\u00fcn bleiben &#8211; Ernst M.Kistler: Fl\u00e4che von grossem Wert &#8211; Gripen oder nicht? &#8211; Mischnutzungskonzept<\/span><\/p>\n<p><span style=\"color: #800000;\"><a style=\"color: #800000;\" href=\"http:\/\/forum-flugplatz.ch\/wp-content\/uploads\/2016\/05\/Info-43.pdf\"><strong>Forum-Info 43<\/strong> &#8211; <strong>Feb 2012<\/strong><\/a>&#8211; Mischnutzungskonzept &#8211; Nutzungsvarianten GCM &#8211; Machbares und Sinnvolles von Phantastereien trennen<\/span><\/p>\n<p><a href=\"http:\/\/forum-flugplatz.ch\/wp-content\/uploads\/2016\/05\/Info-42.pdf\"><span style=\"color: #800000;\"><strong>F<span style=\"color: #800000;\">orum-Info 42<\/span><\/strong> &#8211; <strong>Okt 2011<\/strong><\/span><\/a><span style=\"color: #800000;\">&#8211; Das Bundeshaus wird neu bestellt &#8211; Die besondere Podiumsdiskussion &#8211; Mischnutzungskonzept &#8211; Das L\u00e4rmgespenst geht um&nbsp;<\/span><\/p>\n<p><span style=\"color: #800000;\"><a style=\"color: #800000;\" href=\"http:\/\/forum-flugplatz.ch\/wp-content\/uploads\/2016\/05\/Info-41.pdf\"><strong>Forum-Info 41<\/strong> &#8211; <strong>M\u00e4r 2011<\/strong><\/a>&#8211; Houston we&#8217;ve got a problem &#8211; Search and Rescue &#8211; Mischnutzungskonzept &#8211; Kantonsratswahlen<\/span><\/p>\n<p><a href=\"http:\/\/forum-flugplatz.ch\/wp-content\/uploads\/2016\/05\/Info-Nr40-LQ.pdf\"><span style=\"color: #800000;\"><strong>Forum-Info 40<\/strong> &#8211; <strong>Feb 2010<\/strong><\/span><\/a><span style=\"color: #800000;\"> &#8211; Ohne Kohle kommt die Lok ins stottern &#8211; Bem\u00fchunen zum Erhalt des Flugplatzes &#8211; Naturparadies? &#8211; Sicherheit? &#8211; Engagement der B\u00fcrger &#8211; Tiger Teilersatz<\/span><\/p>\n<p><span style=\"color: #800000;\"><a style=\"color: #800000;\" href=\"http:\/\/forum-flugplatz.ch\/wp-content\/uploads\/2016\/05\/Info39.pdf\"><strong>Forum-Info 39<\/strong> &#8211; <strong>Jun<\/strong><\/a><a style=\"color: #800000;\" href=\"http:\/\/forum-flugplatz.ch\/wp-content\/uploads\/2016\/05\/Info39.pdf\"><strong> 2009<\/strong><\/a> &#8211; Visio Horribilies &#8211; KKdt A.Blattmann zur Zukunft von LSMD &#8211; NR Thomas Hurter: LSMD Quo vadis?&nbsp; Die Odysswe des Stadtpr\u00e4sidenten &#8211; Mischnutzugskonzept<\/span><\/p>\n<p><span style=\"color: #800000;\"><a style=\"color: #800000;\" href=\"http:\/\/forum-flugplatz.ch\/wp-content\/uploads\/2016\/05\/Info38-F-HQ.pdf\"><strong>Forum-Info 38<\/strong> &#8211; <strong>Sep 2009<\/strong><\/a>&#8211; Erinnerung an KKdt Kurt Bolliger &#8211; NR Dr. Oscar Fritschi: Umbau der Armee &#8211; Landesverteidigung in Gefahr<\/span><\/p>\n<p><a href=\"http:\/\/forum-flugplatz.ch\/wp-content\/uploads\/2020\/12\/Info-37.pdf\"><span style=\"color: #800000;\"><strong>Forum-Info 37<\/strong> &#8211; <strong>Jan 2008<\/strong><\/span><\/a><span style=\"color: #800000;\"> &#8211; Der Brief der Anrainergemeinden &#8211;&nbsp; Innovationspark auf dem Flugplatz? &#8211; Sicherstellung der Einsatzbereitschaft<\/span><\/p>\n<p><span style=\"color: #800000;\"><a style=\"color: #800000;\" href=\"http:\/\/forum-flugplatz.ch\/wp-content\/uploads\/2016\/05\/Info36.pdf\"><strong>Forum-Info 36<\/strong> &#8211; <strong>Okt 2007<\/strong><\/a>&#8211; Der Scherbenhaufen &#8211; NR Max Binder: Parlamentarische Initiative &#8211; Nationalratswahlen &#8211;&nbsp; HP.Hulliger: Luftwaffe gef\u00e4hrdet ihre Zukunft&nbsp; &#8211; Umfrageauswertung<\/span><\/p>\n<p><a href=\"http:\/\/forum-flugplatz.ch\/wp-content\/uploads\/2016\/05\/Info-35.pdf\"><span style=\"color: #800000;\"><strong>Forum-Info 35<\/strong> &#8211; <strong>Feb 2007<\/strong><\/span><\/a><span style=\"color: #800000;\">&#8211; Die Optik bestimmt die Perspektive &#8211; Die Sache mit der Wahrheit &#8211;&nbsp; Chronologie der Ereignisse &#8211; Wieviele Kampfflugzeuge braucht die Schweiz?<\/span><\/p>\n<p><span style=\"color: #800000;\"><a style=\"color: #800000;\" href=\"http:\/\/forum-flugplatz.ch\/wp-content\/uploads\/2016\/05\/Info-34f.pdf\"><strong>Forum-Info 34<\/strong> &#8211; <strong>Sep 2006<\/strong><\/a> &#8211; Weiterer Abbau der Armee &#8211;&nbsp; Dienst im Ausland? &#8211; Entwicklungsschritt 08\/11 &#8211; Armeeabschaffung auf Befehl von oben<\/span><\/p>\n<p><span style=\"color: #800000;\"><a style=\"color: #800000;\" href=\"http:\/\/forum-flugplatz.ch\/wp-content\/uploads\/2016\/05\/Info33F.pdf\"><strong>Forum-Info 33<\/strong> &#8211; <strong>M\u00e4r 2006<\/strong><\/a> &#8211; Spezialausgabe Stadt- und Gemeinderatswahlen in D\u00fcbendorf&nbsp;<\/span><\/p>\n<p><span style=\"color: #800000;\"><strong>Forum-Info 32<\/strong> &#8211; <strong>Feb 2006<\/strong> &#8211; Schwinden<a style=\"color: #800000;\" href=\"http:\/\/forum-flugplatz.ch\/wp-content\/uploads\/2016\/05\/Info32f.pdf\">des Vertrauen in die Armeef\u00fchrung &#8211; Das Stationierungkonzept der Luftwaffe als Fehlentscheid &#8211; Parlamentarische Initiative<\/a><\/span><\/p>\n<p><span style=\"color: #800000;\"><a style=\"color: #800000;\" href=\"http:\/\/forum-flugplatz.ch\/wp-content\/uploads\/2016\/05\/Info31.pdf\"><strong>Forum-Info 31<\/strong> &#8211; <strong>M\u00e4r 2005<\/strong><\/a>&#8211; Brief an die St\u00e4nder\u00e4te &#8211; NR Max Binder: Luftwaffe als politisches Spielzeug? &#8211; HP Hulliger: Stao K der Luftwaffe &#8211; Brief des Z\u00fcrcher Regierungsrates<\/span><\/p>\n<p><span style=\"color: #800000;\"><a style=\"color: #800000;\" href=\"http:\/\/forum-flugplatz.ch\/wp-content\/uploads\/2016\/05\/Info30-v3.pdf\"><strong>Forum-Info 30<\/strong> &#8211; <strong>Sep 2004<\/strong><\/a> &#8211; Befehlsverweigerung &#8211;&nbsp; Dem Flugplatz droht die Schliessung &#8211; Argumente gegen die Konzentration &#8211; Wieso braucht die Schweiz ein neues Kampfflugzeug<\/span><\/p>\n<p><span style=\"color: #800000;\"><a style=\"color: #800000;\" href=\"http:\/\/forum-flugplatz.ch\/wp-content\/uploads\/2016\/05\/Info29-farbig.pdf\"><strong>Forum-Info 29<\/strong> &#8211; <strong>M\u00e4r 2004<\/strong><\/a>&#8211; Nie wieder Krieg &#8211;&nbsp; Peter Regli und Ernst Cincerat an der GV &#8211; Finanzierung der Armee XXI &#8211; Gemeinsame Aktion &#8211; D\u00fcbendorf k\u00e4mpft f\u00fcr den Flugplatz<br \/>\n<\/span><\/p>\n<p><span style=\"color: #800000;\"><a style=\"color: #800000;\" href=\"http:\/\/forum-flugplatz.ch\/wp-content\/uploads\/2016\/05\/Info28-farbig.pdf\"><strong>Forum-Info 28<\/strong> &#8211; <strong>M\u00e4r 2003<\/strong><\/a>&#8211; Spezialausgabe Kantonsratswahlen<\/span><\/p>\n<p><span style=\"color: #800000;\"><a style=\"color: #800000;\" href=\"http:\/\/forum-flugplatz.ch\/wp-content\/uploads\/2016\/05\/Info27_farbig.pdf\"><strong>Forum-Info 27<\/strong> &#8211; <strong>Jan 2003<\/strong> &#8211; <\/a>Der Rettungshund &#8211;&nbsp; Gedankenspr\u00fcnge &#8211; Brief an den Bundespr\u00e4sident&nbsp; &#8211; Luftkampf gegen die MiG-29 Fulcrum &#8211;&nbsp; Die teuren Reisen des NR Andreas Gross&nbsp;<\/span><\/p>\n<p><span style=\"color: #800000;\"><strong><a style=\"color: #800000; outline: 0px;\" href=\"http:\/\/forum-flugplatz.ch\/wp-content\/uploads\/2016\/05\/Info-26.pdf\">Forum-Info 2<\/a><\/strong><a style=\"color: #800000;\" href=\"http:\/\/forum-flugplatz.ch\/wp-content\/uploads\/2016\/05\/Info-26.pdf\"><strong>6<\/strong> &#8211;<strong> Feb 2002<\/strong> &#8211; <\/a>Spezialausgabe D\u00fcbendorfer Stadt- und Gemeinderatswahlen<\/span><\/p>\n<p><a href=\"http:\/\/forum-flugplatz.ch\/wp-content\/uploads\/2016\/05\/Info25farbig.pdf\"><strong><span style=\"color: #800000;\">Forum-Info 25<\/span><\/strong><span style=\"color: #800000;\"> &#8211; <strong>Dez 2001<\/strong> &#8211; <\/span><\/a><span style=\"color: #800000;\">Das Bollwerk darf nicht fallen &#8211; Der Flugplatz im politischen Umfeld<\/span><\/p>\n<p><span style=\"color: #800000;\"><a style=\"color: #800000;\" href=\"http:\/\/forum-flugplatz.ch\/wp-content\/uploads\/2016\/05\/Info24.pdf\"><strong>Forum-Info 24<\/strong> &#8211; <strong>Nov 2001<\/strong><\/a>&#8211; BR Samuel Schmid &#8211; Nein zur abenteuerlichen Risikonpolitik &#8211;&nbsp; Dominique Brunner: Weit haben wir es gebracht&nbsp; &#8211; Anpassung von Flugbetriebszeiten<\/span><\/p>\n<p><span style=\"color: #800000;\"><a style=\"color: #800000;\" href=\"http:\/\/forum-flugplatz.ch\/wp-content\/uploads\/2016\/05\/Info23.pdf\"><strong>Forum-Info 23<\/strong> &#8211; <strong>Mai 2001<\/strong><\/a>&#8211; Gedanken des neuen Betriebsleiters Hans-Peter Erni &#8211; Abstimmung zum Milit\u00e4rgesetz &#8211; Auslandeins\u00e4tze der Luftwaffe &#8211; Bev\u00f6lkerungsdichte im Vergleich<\/span><\/p>\n<p><span style=\"color: #800000;\"><a style=\"color: #800000;\" href=\"http:\/\/forum-flugplatz.ch\/wp-content\/uploads\/2016\/05\/Info22.pdf\"><strong>Forum-Info 22<\/strong> &#8211; <strong>Nov 2002<\/strong><\/a>&#8211; RR Rita Fuhrer: Unredlich und unsinnig &#8211; Dominique Brunner und Dr. Daniel Heller &#8211; Eine glaubw\u00fcrdige Armee braucht ausreichende Finanzierung<\/span><\/p>\n<p><span style=\"color: #800000;\"><a style=\"color: #800000;\" href=\"http:\/\/forum-flugplatz.ch\/wp-content\/uploads\/2016\/05\/Info21.pdf\"><strong>Forum-Info 21<\/strong> &#8211; <strong>Jul 2000<\/strong><\/a>&#8211; Aufkl\u00e4rung &#8211; Klarheit \u00fcber den Linksknick &#8211; Flugfestival Juni 2000 &#8211; Halbierte Finanzen &#8211; halbierte Sicherheit &#8211; Leserbriefe<\/span><\/p>\n<p><span style=\"color: #800000;\"><a style=\"color: #800000;\" href=\"http:\/\/forum-flugplatz.ch\/wp-content\/uploads\/2016\/05\/Info20.pdf\"><strong>Forum-Info 20<\/strong> &#8211; <strong>Dez 1999<\/strong><\/a>&#8211; Neuer Direktor des BABLW &#8211; Dominique Brunner: Worauf wartet man in Bern? &#8211; Evaluation eines Transportflugzeuges &#8211; Die Staffel 11<\/span><\/p>\n<p><a href=\"http:\/\/forum-flugplatz.ch\/wp-content\/uploads\/2016\/05\/info19.pdf\"><span style=\"color: #800000;\"><strong>Forum-Info 19<\/strong> &#8211; <strong>M\u00e4r 1999<\/strong><\/span><\/a><span style=\"color: #800000;\">&#8211; Spezialausgabe Kantonsratswahlen<\/span><\/p>\n<p><span style=\"color: #800000;\"><a style=\"color: #800000;\" href=\"http:\/\/forum-flugplatz.ch\/wp-content\/uploads\/2016\/05\/info18.pdf\"><strong>Forum-Info 18<\/strong> &#8211; <strong>Dez 1998<\/strong> &#8211; <\/a>Unser Engagement f\u00fcr den Flugplatz &#8211; KKdt F.Carrel: Sparen tut Not &#8211; Welche Armee zu welchem Preis? &#8211; KKdt W.D\u00fcrig: Gefahrenpotentiale f\u00fcr die Schweiz<\/span><\/p>\n<p><span style=\"color: #800000;\"><a style=\"color: #800000;\" href=\"http:\/\/forum-flugplatz.ch\/wp-content\/uploads\/2016\/05\/info17.pdf\"><strong>Forum-Info 17<\/strong> &#8211; <strong>Jul 1998<\/strong> &#8211;<\/a> Protest gegen die Pl\u00fcnderung des Milit\u00e4rbudgets &#8211;&nbsp;<\/span>SR Willy Loretan: Jetzt reicht&#8217;s! &#8211; Dr. Daniel Heller: Sparen am runden Tisch &#8211; Von der Lagebeurteilung<\/p>\n<p><span style=\"color: #800000;\"><a style=\"color: #800000;\" href=\"http:\/\/forum-flugplatz.ch\/wp-content\/uploads\/2016\/05\/info16_wahlen_98.pdf\"><strong>Forum-Info 16<\/strong> &#8211; <strong>Feb 1998<\/strong><\/a> &#8211; Spezialausgabe zu den Stadt- und Gemeinderatswahlen<\/span><\/p>\n<p><span style=\"color: #800000;\"><a style=\"color: #800000;\" href=\"http:\/\/forum-flugplatz.ch\/wp-content\/uploads\/2016\/05\/info15.pdf\"><strong>Forum-Info 15<\/strong> &#8211; <strong>Dez 1997<\/strong><\/a> &#8211; Kein aviatischer Anlasse 1998 in D\u00fcbendorf &#8211; Das Forum im Internet &#8211; Besuch in Cecile Field &#8211; Sternstunde f\u00fcr Markus Gygax &#8211; Leserbriefe<\/span><\/p>\n<p><span style=\"color: #800000;\"><a style=\"color: #800000;\" href=\"http:\/\/forum-flugplatz.ch\/wp-content\/uploads\/2016\/05\/info14.pdf\"><strong>Forum-Info 14<\/strong> &#8211; <strong>Dez 1996<\/strong><\/a>&#8211; Vierte Generalversammlung &#8211; Fragen an die REGA &#8211; Aus der Region &#8211; Als Schweizer bei der US-Navy &#8211; Verbot der Kriegsmaterialausfuhr &#8211;&nbsp;<\/span><\/p>\n<p><span style=\"color: #800000;\"><a style=\"color: #800000;\" href=\"http:\/\/forum-flugplatz.ch\/wp-content\/uploads\/2016\/05\/Info13.pdf\"><strong>Forum-Info 13<\/strong> &#8211; <strong>Okt 1995<\/strong><\/a>&#8211; Historischer Flugplatz &#8211; NR Dr.Oscar Fritschi:Ein Papier f\u00fcr den Abfallhaufen &#8211; Die erste Baugruppe der F\/A-18 eingetroffen &#8211; Flugplatz in den Dreissiger Jahren<\/span><\/p>\n<p><span style=\"color: #800000;\"><a style=\"color: #800000;\" href=\"http:\/\/forum-flugplatz.ch\/wp-content\/uploads\/2016\/05\/Info12.pdf\"><strong>Forum-Info 12<\/strong> &#8211; <strong>Jul 1995<\/strong><\/a>&#8211; Dritte Generalversammlung &#8211; KKdt Werner Jung: Organigramm EMD &#8211; Dr.D.Heller:Die Schweiz muss noch geschluckt werden &#8211; Milit\u00e4r- oder Zivilflugplatz?<\/span><\/p>\n<p><span style=\"color: #800000;\"><a style=\"color: #800000;\" href=\"http:\/\/forum-flugplatz.ch\/wp-content\/uploads\/2016\/05\/Spezausgabe-Neuzuzueger.pdf\"><strong>Forum-Info &#8211; 1995<\/strong><\/a>&#8211; Spezialausgabe f\u00fcr Neuzuz\u00fcger<\/span><\/p>\n<p><span style=\"color: #800000;\"><a style=\"color: #800000;\" href=\"http:\/\/forum-flugplatz.ch\/wp-content\/uploads\/2016\/05\/Info11.pdf\"><strong>Forum-Info 11<\/strong> &#8211; <strong>Feb 1995<\/strong><\/a>&#8211; Kantons- und Regierungsratswahlen<\/span><\/p>\n<p><span style=\"color: #800000;\"><a style=\"color: #800000;\" href=\"http:\/\/forum-flugplatz.ch\/wp-content\/uploads\/2016\/05\/Info10.pdf\"><strong>Forum-Info 10<\/strong> &#8211; <strong>Dez 1994<\/strong><\/a>&#8211; Vor 50 Jahren, Entscheidung f\u00fcr die Zukunft<\/span><\/p>\n<p><span style=\"color: #800000;\"><a style=\"color: #800000;\" href=\"http:\/\/forum-flugplatz.ch\/wp-content\/uploads\/2016\/05\/Info9.pdf\"><strong>Forum-Info&nbsp; &nbsp;9<\/strong> &#8211; <strong>Mai 1994<\/strong><\/a>&#8211; Einf\u00fchrung der F\/A-18 in der Schweiz &#8211;&nbsp; Die Hornet in D\u00fcbendorf &#8211; Die Strategie des &#8220;BgF&#8221;<\/span><\/p>\n<p><span style=\"color: #800000;\"><a style=\"color: #800000;\" href=\"http:\/\/forum-flugplatz.ch\/wp-content\/uploads\/2016\/05\/Info8.pdf\"><strong>Forum-Info&nbsp; &nbsp;8<\/strong> &#8211; <strong>Jan 1994<\/strong><\/a>&#8211; Stadtrats- und Gemeinderatswahlen &#8211; Weitere Abnahme der Flugbewegungen<\/span><\/p>\n<p><a href=\"http:\/\/forum-flugplatz.ch\/wp-content\/uploads\/2016\/05\/Info7-SpezialausgabeFA18.pdf\"><span style=\"color: #800000;\"><strong>Forum-Info&nbsp; &nbsp;7<\/strong> &#8211;<\/span><\/a><span style=\"color: #800000;\"> Spezialausgabe F\/A-18 &#8211; Statisik der Flugbewegungen<\/span><\/p>\n<p><span style=\"color: #800000;\"><a style=\"color: #800000;\" href=\"http:\/\/forum-flugplatz.ch\/wp-content\/uploads\/2016\/05\/Info6.pdf\"><strong>Forum-Info&nbsp; &nbsp;6<\/strong> &#8211; <strong>Mai 1993<\/strong><\/a>&#8211; Volksinitiative f\u00fcr eine Schweiz ohne neue Kampfflugzeuge &#8211; Zitat zum Pazifismus<\/span><\/p>\n<p><span style=\"color: #800000;\"><a style=\"color: #800000;\" href=\"http:\/\/forum-flugplatz.ch\/wp-content\/uploads\/2016\/05\/Info5.pdf\"><strong>Forum-Info&nbsp; &nbsp;5<\/strong> &#8211; <strong>Jan 1993<\/strong><\/a>&#8211; Absichten der GSoA &#8211; Gr\u00fcnde gegen die Flugwaffen-Abschaffungsinitiative &#8211; Rede von BR Kaspar Villiger<\/span><\/p>\n<p><span style=\"color: #800000;\"><a style=\"color: #800000;\" href=\"http:\/\/forum-flugplatz.ch\/wp-content\/uploads\/2016\/05\/Info4.pdf\"><strong>Forum-Info&nbsp; &nbsp;4<\/strong> &#8211; <strong>Nov 1992<\/strong><\/a>&#8211; Der Bundesrat nimmt Stellung<\/span><\/p>\n<p><span style=\"color: #800000;\"><strong>Forum-Info&nbsp; &nbsp;3<\/strong> &#8211; <strong>Nov 1992<\/strong> &#8211; Was hat die GSoA-Initiative f\u00fcr Folgen? &#8211; Grundsatzrede von BR Kaspar Villiger<\/span><\/p>\n<p><span style=\"color: #800000;\"><a style=\"color: #800000;\" href=\"http:\/\/forum-flugplatz.ch\/wp-content\/uploads\/2016\/05\/Info2.pdf\"><strong>Forum-Info&nbsp; &nbsp;2<\/strong> &#8211;<strong> M\u00e4r 1992<\/strong> &#8211;<\/a> Der Verein in den Anf\u00e4ngen und unser Einsatz f\u00fcr eine glaubw\u00fcrdige Armee<\/span><\/p>\n<p><span style=\"color: #800000;\"><a style=\"color: #800000;\" href=\"http:\/\/forum-flugplatz.ch\/wp-content\/uploads\/2016\/05\/Info1.pdf\"><strong>Forum-Info&nbsp; &nbsp;1<\/strong> &#8211; <strong>Okt 1991<\/strong><\/a>&#8211; Erstausgabe des Forum Info: Wer sind wir, was wollen wir? &#8211; Die Wohnsituation einst und heute &#8211; KKdt Werner Jung zur Bedeutung von D\u00fcbendorf<\/span><\/p>\n","protected":false},"excerpt":{"rendered":"<p>23.04.2023 Neues Staatssekretariat im VBS? Die neue Organisation des VBS mit einem Staatssekretariat ist entschieden abzulehnen. Es bedeutet, mehr B\u00fcropersonal f\u00fcr eine Armee, die nicht einmal vollst\u00e4ndig ausger\u00fcstet werden kann. [&hellip;]<\/p>\n","protected":false},"author":1,"featured_media":0,"parent":0,"menu_order":0,"comment_status":"closed","ping_status":"closed","template":"","meta":[],"_links":{"self":[{"href":"https:\/\/forum-flugplatz.ch\/index.php?rest_route=\/wp\/v2\/pages\/946"}],"collection":[{"href":"https:\/\/forum-flugplatz.ch\/index.php?rest_route=\/wp\/v2\/pages"}],"about":[{"href":"https:\/\/forum-flugplatz.ch\/index.php?rest_route=\/wp\/v2\/types\/page"}],"author":[{"embeddable":true,"href":"https:\/\/forum-flugplatz.ch\/index.php?rest_route=\/wp\/v2\/users\/1"}],"replies":[{"embeddable":true,"href":"https:\/\/forum-flugplatz.ch\/index.php?rest_route=%2Fwp%2Fv2%2Fcomments&post=946"}],"version-history":[{"count":76,"href":"https:\/\/forum-flugplatz.ch\/index.php?rest_route=\/wp\/v2\/pages\/946\/revisions"}],"predecessor-version":[{"id":1568,"href":"https:\/\/forum-flugplatz.ch\/index.php?rest_route=\/wp\/v2\/pages\/946\/revisions\/1568"}],"wp:attachment":[{"href":"https:\/\/forum-flugplatz.ch\/index.php?rest_route=%2Fwp%2Fv2%2Fmedia&parent=946"}],"curies":[{"name":"wp","href":"https:\/\/api.w.org\/{rel}","templated":true}]}}